{"id":364,"date":"2022-05-10T10:31:09","date_gmt":"2022-05-10T15:31:09","guid":{"rendered":"https:\/\/sitios.ces.edu.co\/cbuces\/?page_id=364"},"modified":"2025-02-19T08:59:26","modified_gmt":"2025-02-19T13:59:26","slug":"citaciones","status":"publish","type":"page","link":"https:\/\/sitios.ces.edu.co\/cbuces\/citaciones\/","title":{"rendered":"Citaciones"},"content":{"rendered":"<nav class=\"has-text-color has-foreground-color has-background has-background-background-color has-small-font-size is-responsive items-justified-space-between menu-fixed wp-block-navigation is-content-justification-space-between is-layout-flex wp-container-core-navigation-is-layout-3d213aab wp-block-navigation-is-layout-flex\" aria-label=\"topmenu\" \n\t\t data-wp-interactive=\"core\/navigation\" data-wp-context='{\"overlayOpenedBy\":{\"click\":false,\"hover\":false,\"focus\":false},\"type\":\"overlay\",\"roleAttribute\":\"\",\"ariaLabel\":\"Men\\u00fa\"}'><button aria-haspopup=\"dialog\" aria-label=\"Abrir el men\u00fa\" class=\"wp-block-navigation__responsive-container-open\" \n\t\t\t\tdata-wp-on--click=\"actions.openMenuOnClick\"\n\t\t\t\tdata-wp-on--keydown=\"actions.handleMenuKeydown\"\n\t\t\t><svg width=\"24\" height=\"24\" xmlns=\"http:\/\/www.w3.org\/2000\/svg\" viewBox=\"0 0 24 24\" aria-hidden=\"true\" focusable=\"false\"><path d=\"M4 7.5h16v1.5H4z\"><\/path><path d=\"M4 15h16v1.5H4z\"><\/path><\/svg><\/button>\n\t\t\t\t<div class=\"wp-block-navigation__responsive-container\"  id=\"modal-1\" \n\t\t\t\tdata-wp-class--has-modal-open=\"state.isMenuOpen\"\n\t\t\t\tdata-wp-class--is-menu-open=\"state.isMenuOpen\"\n\t\t\t\tdata-wp-watch=\"callbacks.initMenu\"\n\t\t\t\tdata-wp-on--keydown=\"actions.handleMenuKeydown\"\n\t\t\t\tdata-wp-on--focusout=\"actions.handleMenuFocusout\"\n\t\t\t\ttabindex=\"-1\"\n\t\t\t>\n\t\t\t\t\t<div class=\"wp-block-navigation__responsive-close\" tabindex=\"-1\">\n\t\t\t\t\t\t<div class=\"wp-block-navigation__responsive-dialog\" \n\t\t\t\tdata-wp-bind--aria-modal=\"state.ariaModal\"\n\t\t\t\tdata-wp-bind--aria-label=\"state.ariaLabel\"\n\t\t\t\tdata-wp-bind--role=\"state.roleAttribute\"\n\t\t\t>\n\t\t\t\t\t\t\t<button aria-label=\"Cerrar el men\u00fa\" class=\"wp-block-navigation__responsive-container-close\" \n\t\t\t\tdata-wp-on--click=\"actions.closeMenuOnClick\"\n\t\t\t><svg xmlns=\"http:\/\/www.w3.org\/2000\/svg\" viewBox=\"0 0 24 24\" width=\"24\" height=\"24\" aria-hidden=\"true\" focusable=\"false\"><path d=\"m13.06 12 6.47-6.47-1.06-1.06L12 10.94 5.53 4.47 4.47 5.53 10.94 12l-6.47 6.47 1.06 1.06L12 13.06l6.47 6.47 1.06-1.06L13.06 12Z\"><\/path><\/svg><\/button>\n\t\t\t\t\t\t\t<div class=\"wp-block-navigation__responsive-container-content\" \n\t\t\t\tdata-wp-watch=\"callbacks.focusFirstElement\"\n\t\t\t id=\"modal-1-content\">\n\t\t\t\t\t\t\t\t<ul class=\"wp-block-navigation__container has-text-color has-foreground-color has-background has-background-background-color has-small-font-size is-responsive items-justified-space-between menu-fixed wp-block-navigation has-small-font-size\"><li class=\"has-small-font-size wp-block-navigation-item homeicon wp-block-navigation-link\"><a class=\"wp-block-navigation-item__content\"  href=\"https:\/\/sitios.ces.edu.co\/cbuces\/\"><span class=\"wp-block-navigation-item__label\"><img fetchpriority=\"high\" decoding=\"async\" width=\"1290\" height=\"998\" class=\"wp-image-2892\" style=\"width: 100px\" src=\"https:\/\/sitios.ces.edu.co\/cbuces\/wp-content\/uploads\/2022\/11\/Nueva-imagen-CBUCES_final_Mesa-de-trabajo-11.png\" alt=\"\" srcset=\"https:\/\/sitios.ces.edu.co\/cbuces\/wp-content\/uploads\/2022\/11\/Nueva-imagen-CBUCES_final_Mesa-de-trabajo-11.png 1290w, https:\/\/sitios.ces.edu.co\/cbuces\/wp-content\/uploads\/2022\/11\/Nueva-imagen-CBUCES_final_Mesa-de-trabajo-11-300x232.png 300w, https:\/\/sitios.ces.edu.co\/cbuces\/wp-content\/uploads\/2022\/11\/Nueva-imagen-CBUCES_final_Mesa-de-trabajo-11-1024x792.png 1024w, https:\/\/sitios.ces.edu.co\/cbuces\/wp-content\/uploads\/2022\/11\/Nueva-imagen-CBUCES_final_Mesa-de-trabajo-11-768x594.png 768w\" sizes=\"(max-width: 1290px) 100vw, 1290px\" \/><\/span><\/a><\/li><li class=\"has-small-font-size wp-block-navigation-item wp-block-navigation-link\"><a class=\"wp-block-navigation-item__content\"  href=\"https:\/\/sitios.ces.edu.co\/cbuces\/colecciones\/\"><span class=\"wp-block-navigation-item__label\">Colecciones<\/span><\/a><\/li><li class=\"has-small-font-size wp-block-navigation-item wp-block-navigation-link\"><a class=\"wp-block-navigation-item__content\"  href=\"http:\/\/demo-cbucesdata.pythonanywhere.com\/\" target=\"_blank\"  ><span class=\"wp-block-navigation-item__label\">Centro de datos<\/span><\/a><\/li><li class=\"has-small-font-size wp-block-navigation-item wp-block-navigation-link\"><a class=\"wp-block-navigation-item__content\"  href=\"https:\/\/sitios.ces.edu.co\/cbuces\/servicios\/\"><span class=\"wp-block-navigation-item__label\">Servicios<\/span><\/a><\/li><li class=\"has-small-font-size wp-block-navigation-item wp-block-navigation-link\"><a class=\"wp-block-navigation-item__content\"  href=\"https:\/\/sitios.ces.edu.co\/cbuces\/tipos\/\"><span class=\"wp-block-navigation-item__label\">Tipos<\/span><\/a><\/li><li class=\"has-small-font-size wp-block-navigation-item wp-block-navigation-link\"><a class=\"wp-block-navigation-item__content\"  href=\"https:\/\/sitios.ces.edu.co\/cbuces\/proyectos\/\"><span class=\"wp-block-navigation-item__label\">Proyectos<\/span><\/a><\/li><li class=\"has-small-font-size wp-block-navigation-item wp-block-navigation-link\"><a class=\"wp-block-navigation-item__content\"  href=\"https:\/\/sitios.ces.edu.co\/cbuces\/citaciones\/\"><span class=\"wp-block-navigation-item__label\">Citaciones<\/span><\/a><\/li><li class=\"has-small-font-size wp-block-navigation-item wp-block-navigation-link\"><a class=\"wp-block-navigation-item__content\"  href=\"https:\/\/sitios.ces.edu.co\/cbuces\/recursos\/\"><span class=\"wp-block-navigation-item__label\">Recursos<\/span><\/a><\/li><li class=\"has-small-font-size wp-block-navigation-item wp-block-navigation-link\"><a class=\"wp-block-navigation-item__content\"  href=\"https:\/\/sitios.ces.edu.co\/cbuces\/solicitudes\/\"><span class=\"wp-block-navigation-item__label\">Solicitudes<\/span><\/a><\/li><li class=\"has-small-font-size wp-block-navigation-item wp-block-navigation-link\"><a class=\"wp-block-navigation-item__content\"  href=\"http:\/\/www.hojazul.com.co\" target=\"_blank\"  ><span class=\"wp-block-navigation-item__label\">Hojazul<\/span><\/a><\/li><\/ul>\n\t\t\t\t\t\t\t<\/div>\n\t\t\t\t\t\t<\/div>\n\t\t\t\t\t<\/div>\n\t\t\t\t<\/div><\/nav>\n\n\n<div class=\"mcw-fp-wrapper\"><div class=\"mcw-fp-section mcw-fp-section_58b6c5-c7 fp-auto-height-responsive has-ek-typography\" data-bg-img-id=\"2294\" data-anchor=\"section1\"><div class=\"fp-bg\"><\/div><div class=\"mcw-fp-section-inner\">\n<p class=\"has-text-align-center has-background-color has-text-color\" style=\"font-size:56px\"><strong>Citaciones<\/strong><\/p>\n\n\n\n<div style=\"height:64px\" aria-hidden=\"true\" class=\"wp-block-spacer\"><\/div>\n\n\n\n<div class=\"wp-block-columns is-layout-flex wp-container-core-columns-is-layout-9d6595d7 wp-block-columns-is-layout-flex\">\n<div class=\"wp-block-column is-layout-flow wp-block-column-is-layout-flow\" style=\"padding-right:64px;padding-left:64px\">\n<p class=\"has-text-align-center custom-padding has-background-color has-text-color has-normal-font-size\">En esta secci\u00f3n puede encontrar trabajos publicados, en los que se han citado espec\u00edmenes depositados en las Colecciones Biol\u00f3gicas de la Universidad CES.<\/p>\n<\/div>\n<\/div>\n<\/div><\/div>\n\n<div class=\"mcw-fp-section mcw-fp-section_e3a366-60 mcw-fp-section-slide fp-auto-height-responsive has-ek-typography\" data-anchor=\"section2\"><div class=\"mcw-fp-section-inner\"><div class=\"mcw-fp-slide mcw-fp-slide_56ccb6-a2\" data-bg-img-id=\"453\"><div class=\"fp-bg\"><\/div><div class=\"mcw-fp-slide-inner\">\n<p class=\"has-text-align-center has-background-color has-text-color\" style=\"font-size:54px\"><strong>Mam\u00edferos<\/strong><\/p>\n<\/div><\/div>\n\n<div class=\"mcw-fp-slide mcw-fp-slide_86d293-2d\"><div class=\"mcw-fp-slide-inner\">\n<p class=\"custom-padding has-foreground-light-color has-text-color\">Anteliz Pallares, I.C., S\u00e1nchez S\u00e1nchez, A.T. &amp; S\u00e1nchez Londo\u00f1o, J.D. (2021) <strong>Dieta de murci\u00e9lagos frug\u00edvoros y su efecto sobre la germinaci\u00f3n de dos especies en el \u00c1rea Natural \u00danica Los Estoraques, Norte de Santander, Colombia.<\/strong> <em>Caldasia<\/em> 43, 310\u2013319. <a aria-label=\"https:\/\/doi.org\/10.15446\/caldasia.v43n2.85460 (opens in a new tab)\" href=\"https:\/\/doi.org\/10.15446\/caldasia.v43n2.85460\" target=\"_blank\" rel=\"noreferrer noopener\" class=\"ek-link\">https:\/\/doi.org\/10.15446\/caldasia.v43n2.85460<\/a><\/p>\n<\/div><\/div><\/div><\/div>\n\n<div class=\"mcw-fp-section mcw-fp-section_70e15f-22 mcw-fp-section-slide fp-auto-height-responsive has-ek-typography\" data-anchor=\"section3\"><div class=\"mcw-fp-section-inner\"><div class=\"mcw-fp-slide mcw-fp-slide_77cb37-41\" data-bg-img-id=\"3511\"><div class=\"fp-bg\"><\/div><div class=\"mcw-fp-slide-inner\">\n<p class=\"has-text-align-center has-background-color has-text-color\" style=\"font-size:54px\"><strong>Herpetolog\u00eda<\/strong><\/p>\n<\/div><\/div>\n\n<div class=\"mcw-fp-slide mcw-fp-slide_15fb8e-dc\"><div class=\"mcw-fp-slide-inner\">\n<p class=\"custom-padding has-foreground-light-color has-text-color\">Cruz-Arroyave, C. A., Toro-Cardona, F. A. &amp; Parra, J. L. (2024) <strong>Integrating niche and occupancy models to infer the distribution of an endemic fossorial snake (Atractus lasallei).<\/strong> <em>PLoS ONE<\/em>, 19, 8. <a href=\"https:\/\/doi.org\/10.1371\/journal.pone.0308931\">https:\/\/doi.org\/10.1371\/journal.pone.0308931<\/a><\/p>\n\n\n\n<div style=\"height:16px\" aria-hidden=\"true\" class=\"wp-block-spacer\"><\/div>\n\n\n\n<p class=\"custom-padding has-foreground-light-color has-text-color\">Florez-Lucero, S., Garz\u00f3n-Franco, E. &amp; Alzate-Basto, E. (2024<strong>) Distribution extension of Leptodactylus rhodomerus (Leptodactylidae) towards the Cordillera Central of Colombia.<\/strong> <em>Revista Latinoamericana de Herpetolog\u00eda<\/em> 07, 03, 53-57. <a href=\"https:\/\/doi.org\/10.22201\/fc.25942158e.2024.3.975\">https:\/\/doi.org\/10.22201\/fc.25942158e.2024.3.975<\/a><\/p>\n<\/div><\/div><\/div><\/div>\n\n<div class=\"mcw-fp-section mcw-fp-section_ee6752-0e mcw-fp-section-slide fp-auto-height-responsive has-ek-typography\" data-anchor=\"section4\"><div class=\"mcw-fp-section-inner\"><div class=\"mcw-fp-slide mcw-fp-slide_15be38-b9\" data-bg-img-id=\"2302\"><div class=\"fp-bg\"><\/div><div class=\"mcw-fp-slide-inner\">\n<p class=\"has-text-align-center has-background-color has-text-color\" style=\"font-size:54px\"><strong>Artr\u00f3podos Terrestres<\/strong><\/p>\n<\/div><\/div>\n\n<div class=\"mcw-fp-slide mcw-fp-slide_68ce48-69\"><div class=\"mcw-fp-slide-inner\">\n<p class=\"custom-padding white-box has-foreground-light-color has-text-color\" style=\"padding-top:0;padding-right:0;padding-bottom:0;padding-left:0\">Drucker, D. P., Salim, J. A., Poelen, J., Soares, F. M., Gonzalez-Vaquero, R. A., Devoto, M., Ollerton, J., Kasina, M., Carvalheiro, L. G., Bergamo, P. J., Alves, D. A., Varassin, I., Tinoco, F. C., R\u00fcnzel, M., Robinson, D., Cardona-Duque, J., Id\u00e1rraga, M., Agudelo-Zapata, M. C., Marentes Herrera, E., Taliga, C., Parr, C. S., Cox-Foster, D., Hill, E., Motta Mau\u00e9s, M., Agostini, K., Rech, A. R. &amp; Saraiva, A. (2024) <strong>D10.3 Agricultural biodiversity FAIR data assessment rubrics.<\/strong> <em>EU Open Research Repository<\/em>. <a href=\"https:\/\/doi.org\/10.5281\/zenodo.10719265\">https:\/\/doi.org\/10.5281\/zenodo.10719265<\/a><\/p>\n\n\n\n<div style=\"height:16px\" aria-hidden=\"true\" class=\"wp-block-spacer\"><\/div>\n\n\n\n<p class=\"custom-padding white-box has-foreground-light-color has-text-color\">Ospina-M, A., San\u00edn, M. J., Maia, A. C. D. &amp; Cardona-Duque, J. (2024) <strong>The sweet path of Hansel and Gretel: pollination system of Masdevallia hortensis Luer &amp; R. Escobar (Orchidaceae: Pleurothallidinae) in a cloud montane forest of the Cordillera Occidental, in Colombia. <\/strong><em>Plant Systematics and Evolution, <\/em>310, 43. <a href=\"https:\/\/doi.org\/10.21203\/rs.3.rs-3868085\/v1\">https:\/\/doi.org\/10.21203\/rs.3.rs-3868085\/v1<\/a><\/p>\n\n\n\n<div style=\"height:16px\" aria-hidden=\"true\" class=\"wp-block-spacer\"><\/div>\n\n\n\n<p class=\"custom-padding white-box has-foreground-light-color has-text-color\">Serna-Mu\u00f1oz, S. &amp; Wolff, M. (2024) <strong>Leaf-footed Bugs (Hemiptera: Heteroptera: Coreidae) of Colombia: Annotated checklist, distribution, and description of a new species. <\/strong><em>Zootaxa, <\/em>5459, 1, 001-095. <a href=\"https:\/\/doi.org\/10.11646\/zootaxa.5459.1.1\">https:\/\/doi.org\/10.11646\/zootaxa.5459.1.1<\/a><\/p>\n<\/div><\/div>\n\n<div class=\"mcw-fp-slide mcw-fp-slide_f814b0-9b\"><div class=\"mcw-fp-slide-inner\">\n<p class=\"custom-padding white-box has-foreground-light-color has-text-color\" style=\"padding-top:0;padding-right:0;padding-bottom:0;padding-left:0\">Fl\u00f3rez-V, C. &amp; Evangelista, O. (2022) <strong><em>Andinodarnis <\/em>gen. nov., a new treehopper genus from the Andes (Hemiptera: Membracidae: Darninae).<\/strong> <em>Zootaxa<\/em>, 5200, 037-050. <a class=\"ek-link\" href=\"https:\/\/doi.org\/10.11646\/zootaxa.5200.1.3\">https:\/\/doi.org\/10.11646\/zootaxa.5200.1.3<\/a><\/p>\n\n\n\n<div style=\"height:16px\" aria-hidden=\"true\" class=\"wp-block-spacer\"><\/div>\n\n\n\n<p class=\"custom-padding white-box has-foreground-light-color has-text-color\">Fl\u00f3rez-V, C. (2022) <strong>A new genus and a new species of treehopper (Hemiptera: Membracidae) from the p\u00e1ramo of Tatam\u00e1 in Colombia.<\/strong> <em>Zootaxa<\/em>, 5195, 143\u2013154. <a class=\"ek-link\" href=\"https:\/\/doi.org\/10.11646\/zootaxa.5195.2.3\">https:\/\/doi.org\/10.11646\/zootaxa.5195.2.3<\/a><\/p>\n\n\n\n<div style=\"height:16px\" aria-hidden=\"true\" class=\"wp-block-spacer\"><\/div>\n\n\n\n<p class=\"custom-padding white-box has-foreground-light-color has-text-color\">Fl\u00f3rez-V, C. &amp; Evangelista, O. (2021) <strong>A revision of the treehopper genus <em>Bubalopa<\/em> St\u00e5l illuminates the systematics of Hyphinoini (Hemiptera: Auchenorrhyncha: Membracidae).<\/strong> <em>Zootaxa<\/em>, 5052, 529\u2013551. <a href=\"https:\/\/doi.org\/10.11646\/zootaxa.5052.4.4\" target=\"_blank\" rel=\"noreferrer noopener\">https:\/\/doi.org\/10.11646\/zootaxa.5052.4.4<\/a><\/p>\n\n\n\n<div style=\"height:16px\" aria-hidden=\"true\" class=\"wp-block-spacer\"><\/div>\n\n\n\n<p class=\"custom-padding white-box has-foreground-light-color has-text-color\">Maia, A.C.D., do Amaral Ferraz Navarro, D.M., N\u00fa\u00f1ez-Avellaneda, L.A., Carre\u00f1o-Barrera, J., Iannuzzi, L., Cardona-Duque, J. &amp; Nantes, W.A.G. (2021) <strong>Methyl acetate, a highly volatile floral semiochemical mediating specialized plant-beetle interactions.<\/strong> <em>The Science of Nature<\/em>, 108, 21. <a href=\"https:\/\/doi.org\/10.1007\/s00114-021-01731-3\" target=\"_blank\" rel=\"noreferrer noopener\">https:\/\/doi.org\/10.1007\/s00114-021-01731-3<\/a><\/p>\n<\/div><\/div>\n\n<div class=\"mcw-fp-slide mcw-fp-slide_db1d88-10\"><div class=\"mcw-fp-slide-inner\">\n<p class=\"custom-padding white-box has-foreground-light-color has-text-color\">Fl\u00f3rez-V, C. &amp; Cardona-Duque, J. (2020) <strong>Insectos en Antioquia. Peque\u00f1as historias.<\/strong> 1st ed. <a rel=\"noreferrer noopener\" href=\"https:\/\/editorial.ces.edu.co\/libros\/insectos-en-antioquia\/\" target=\"_blank\">Editorial CES<\/a>, Medell\u00edn: Universidad CES, 142 pp.<\/p>\n\n\n\n<div style=\"height:16px\" aria-hidden=\"true\" class=\"wp-block-spacer\"><\/div>\n\n\n\n<p class=\"custom-padding white-box has-foreground-light-color has-text-color\">Fl\u00f3rez-V, C. (2019) <strong>Two amazing new species of treehoppers (Hemiptera: Membracidae) from Colombia: <em>Calloconophora estellae<\/em> sp. nov. and <em>Problematode robertoi<\/em> sp. nov.<\/strong> <em>Zootaxa<\/em>, 4590, 561. <a href=\"https:\/\/doi.org\/10.11646\/zootaxa.4590.5.4\" target=\"_blank\" rel=\"noreferrer noopener\">https:\/\/doi.org\/10.11646\/zootaxa.4590.5.4<\/a>.<\/p>\n\n\n\n<div style=\"height:16px\" aria-hidden=\"true\" class=\"wp-block-spacer\"><\/div>\n\n\n\n<p class=\"custom-padding white-box has-foreground-light-color has-text-color\">Gir\u00f3n, J.C. &amp; Cardona-Duque, J. (2018) <strong>Estado del conocimiento de los Curculionidae (Coleoptera: Curculionoidea) en Colombia.<\/strong> In: C. Deloya and H. Gasca Alvarez (Eds), <em>Escarabajos del Neotr\u00f3pico (Insecta: Coleoptera).<\/em> Corporaci\u00f3n Sentido Natural &amp; S y G Editores, Bogot\u00e1, Colombia &amp; Ciudad de M\u00e9xico, M\u00e9xico, pp. 171\u2013203.<\/p>\n\n\n\n<div style=\"height:16px\" aria-hidden=\"true\" class=\"wp-block-spacer\"><\/div>\n\n\n\n<p class=\"custom-padding white-box has-foreground-light-color has-text-color\">Bota-Sierra, C.A. &amp; Novelo-Guti\u00e9rrez, R. (2017) <strong>The genus <em>Heteragrion<\/em> (Odonata: Zygoptera) in Northwestern Colombia, with the description of <\/strong><em><strong>Heteragrion tatama sp. nov.<\/strong> Zootaxa, <\/em>4347, 553.<a href=\"https:\/\/doi.org\/10.11646\/zootaxa.4347.3.8\" target=\"_blank\" rel=\"noreferrer noopener\">https:\/\/doi.org\/10.11646\/zootaxa.4347.3.8<\/a><\/p>\n<\/div><\/div>\n\n<div class=\"mcw-fp-slide mcw-fp-slide_c9e565-8d\"><div class=\"mcw-fp-slide-inner\">\n<p class=\"custom-padding has-foreground-light-color has-text-color\">Camacho, L.F., Fl\u00f3rez-V, C. &amp; Evangelista, O. (2017) <strong>Notes on the genus <em>Sakakibarella<\/em> Cre\u00e3o-Duarte with description of three new species (Membracidae: Membracinae: Hoplophorionini). <\/strong><em>Zootaxa<\/em>, 4281, 90. <a href=\"https:\/\/doi.org\/10.11646\/zootaxa.4281.1.9\" target=\"_blank\" rel=\"noreferrer noopener\">https:\/\/doi.org\/10.11646\/zootaxa.4281.1.9<\/a><\/p>\n\n\n\n<div style=\"height:32px\" aria-hidden=\"true\" class=\"wp-block-spacer\"><\/div>\n\n\n\n<p class=\"custom-padding has-foreground-light-color has-text-color\">Fl\u00f3rez-V, C. (2017) <strong>A new species of <em>Cornutalis<\/em> Sakakibara (Membracidae: Smiliinae: Acutalini) from Colombia.<\/strong> <em>Zootaxa<\/em>, 4272, 439. <a aria-label=\"https:\/\/doi.org\/10.11646\/zootaxa.4272.3.9 (opens in a new tab)\" class=\"ek-link\" href=\"https:\/\/doi.org\/10.11646\/zootaxa.4272.3.9\" target=\"_blank\" rel=\"noreferrer noopener\">https:\/\/doi.org\/10.11646\/zootaxa.4272.3.9<\/a><\/p>\n\n\n\n<div style=\"height:32px\" aria-hidden=\"true\" class=\"wp-block-spacer\"><\/div>\n\n\n\n<p class=\"custom-padding has-foreground-light-color has-text-color\">Fl\u00f3rez-V, C. &amp; Evangelista, O. (2017) <strong>New species in the treehopper genus <em>Bocydium <\/em>Latreille, with description of nymphal stages and observations on their natural history.<\/strong> <em>Zootaxa<\/em>, 4281, 22. <a aria-label=\"https:\/\/doi.org\/10.11646\/zootaxa.4281.1.4 (opens in a new tab)\" class=\"ek-link\" href=\"https:\/\/doi.org\/10.11646\/zootaxa.4281.1.4\" target=\"_blank\" rel=\"noreferrer noopener\">https:\/\/doi.org\/10.11646\/zootaxa.4281.1.4<\/a><\/p>\n\n\n\n<div style=\"height:32px\" aria-hidden=\"true\" class=\"wp-block-spacer\"><\/div>\n\n\n\n<p class=\"custom-padding has-foreground-light-color has-text-color\">Cardona-D, J., Bota-Sierra, C.A., Correa-Carmona, Y., Fl\u00f3rez-V, C., Gir\u00f3n, J.C., V\u00e9lez-Bravo, A. &amp; Wolff, M. (2017) <strong>Estado del conocimiento de insectos en los Bosques Andinos de Antioquia.<\/strong> In: E. Quintero Vallejo, A. M. Benavides, N. Moreno, and S. Gonzalez-Caro (Eds), <em>Bosques andinos: estado actual y retos para su conservaci\u00f3n en Antioquia.<\/em> Fundaci\u00f3n Jard\u00edn Bot\u00e1nico de Medell\u00edn Joaqu\u00edn Antonio Uribe; Programa Bosques Andinos (COSUDE), Medell\u00edn (Colombia), pp. 419\u2013438.<\/p>\n\n\n\n<div style=\"height:16px\" aria-hidden=\"true\" class=\"wp-block-spacer\"><\/div>\n<\/div><\/div>\n\n<div class=\"mcw-fp-slide mcw-fp-slide_2acae5-bc has-ek-typography\"><div class=\"mcw-fp-slide-inner\">\n<p class=\"custom-padding has-foreground-light-color has-text-color\">Valencia-Montoya, W.A., Tuberquia, D., Guzm\u00e1n, P.A. &amp; Cardona-Duque, J. (2017) <strong>Pollination of the cycad <em>Zamia incognita<\/em> A. Lindstr. &amp; Id\u00e1rraga by <em>Pharaxonotha<\/em> beetles in the Magdalena Medio Valley, Colombia: a mutualism dependent on a specific pollinator and its significance for conservation.<\/strong> <em>Arthropod-Plant Interactions<\/em>, 11, 717\u2013729. <a href=\"https:\/\/doi.org\/10.1007\/s11829-017-9511-y\" target=\"_blank\" rel=\"noreferrer noopener\">https:\/\/doi.org\/10.1007\/s11829-017-9511-y<\/a><\/p>\n\n\n\n<div style=\"height:32px\" aria-hidden=\"true\" class=\"wp-block-spacer\"><\/div>\n\n\n\n<p class=\"custom-padding has-foreground-light-color has-text-color\">Bota-Sierra, C.A., Moreno-Arias, C. &amp; Faasen, T. (2015) <strong>Preliminary list of Odonata from the Colombian Amazon, with descriptions of <em>Inpabasis nigridorsum<\/em> sp. nov. &amp; <em>Diaphlebia richteri<\/em> sp. nov. (Coenagrionidae &amp; Gomphidae).<\/strong> <em>International Journal of Odonatology<\/em>, 18, 249\u2013268. <a href=\"https:\/\/doi.org\/10.1080\/13887890.2015.1081637\" target=\"_blank\" rel=\"noreferrer noopener\">https:\/\/doi.org\/10.1080\/13887890.2015.1081637<\/a><\/p>\n\n\n\n<div style=\"height:32px\" aria-hidden=\"true\" class=\"wp-block-spacer\"><\/div>\n\n\n\n<p class=\"custom-padding has-foreground-light-color has-text-color\">Fl\u00f3rez-V, C., Wolff, M.I. &amp; Cardona-Duque, J. (2015) <strong>Contribution to the taxonomy of the family Membracidae Rafinesque (Hemiptera: Auchenorrhyncha) in Colombia.<\/strong> Zootaxa, 3910, 1. <a aria-label=\"https:\/\/doi.org\/10.11646\/zootaxa.3910.1.1 (opens in a new tab)\" class=\"ek-link\" href=\"https:\/\/doi.org\/10.11646\/zootaxa.3910.1.1\" target=\"_blank\" rel=\"noreferrer noopener\">https:\/\/doi.org\/10.11646\/zootaxa.3910.1.1<\/a><\/p>\n<\/div><\/div><\/div><\/div>\n\n<div class=\"mcw-fp-section mcw-fp-section_542c73-da mcw-fp-section-slide fp-auto-height-responsive has-ek-typography\" data-anchor=\"section5\"><div class=\"mcw-fp-section-inner\"><div class=\"mcw-fp-slide mcw-fp-slide_4d6b1b-d1\" data-bg-img-id=\"2795\"><div class=\"fp-bg\"><\/div><div class=\"mcw-fp-slide-inner\">\n<p class=\"has-text-align-center shadow-text has-background-color has-text-color\" style=\"font-size:54px\"><strong>Plantas<\/strong><\/p>\n<\/div><\/div>\n\n<div class=\"mcw-fp-slide mcw-fp-slide_ae3a1b-d0\"><div class=\"mcw-fp-slide-inner\">\n<p class=\"custom-padding has-foreground-light-color has-text-color\">Carvalho-Madrigal, S. &amp; San\u00edn M. J. (2024) <strong>The role of introgressive hybridization in shaping the geographically isolated gene pools of wax palm populations (genus <em>Ceroxylon<\/em>).<\/strong> <em>Molecular Phylogenetics and Evolution<\/em>, 193. <a href=\"https:\/\/doi.org\/10.1016\/j.ympev.2024.108013\">https:\/\/doi.org\/10.1016\/j.ympev.2024.108013<\/a><\/p>\n\n\n\n<div style=\"height:16px\" aria-hidden=\"true\" class=\"wp-block-spacer\"><\/div>\n\n\n\n<p class=\"custom-padding has-foreground-light-color has-text-color\">Sierra-Botero, L., Calonie, M., Robbins, R. K., Rosser, N., Pierce, N. E., L\u00f3pez-Gallego, C. &amp; Valencia-Montoya, W. A. (2023) <strong>Cycad phylogeny predicts host plant use of Eumaeus butterflies. <\/strong><em>Ecology and Evolution,<\/em> 13, 4. <a href=\"https:\/\/doi.org\/10.1002\/ece3.9978\">https:\/\/doi.org\/10.1002\/ece3.9978<\/a><\/p>\n\n\n\n<div style=\"height:16px\" aria-hidden=\"true\" class=\"wp-block-spacer\"><\/div>\n\n\n\n<p class=\"custom-padding has-foreground-light-color has-text-color\">Agudelo, V.C., San\u00edn, M.J. &amp; Tuberquia, D. (2022). <strong>Transici\u00f3n bosque altoandino \u2013 p\u00e1ramo: composici\u00f3n, estructura y fisonom\u00eda de la vegetaci\u00f3n en la Cordillera Central de Colombia.<\/strong>&nbsp;<em>Caldasia<\/em>&nbsp;45(1), 174\u2013186. <a class=\"ek-link\" href=\"https:\/\/doi.org\/10.15446\/caldasia.v45n1.102305\">https:\/\/doi.org\/10.15446\/caldasia.v45n1.102305<\/a><\/p>\n\n\n\n<div style=\"height:16px\" aria-hidden=\"true\" class=\"wp-block-spacer\"><\/div>\n\n\n\n<p class=\"custom-padding has-foreground-light-color has-text-color\">Chac\u00f3n-Vargas, K., Garc\u00eda-Merch\u00e1n, V.H. &amp; San\u00edn, M.J. (2020) <strong>From keystone species to conservation: conservation genetics of wax palm <em>Ceroxylon quindiuense<\/em> in the largest wild populations of Colombia and selected neighboring ex situ plant collections.<\/strong> <em>Biodiversity and Conservation<\/em> 29, 283\u2013302. <a href=\"https:\/\/doi.org\/10.1007\/s10531-019-01882-w\" target=\"_blank\" rel=\"noreferrer noopener\">https:\/\/doi.org\/10.1007\/s10531-019-0<\/a><a class=\"ek-link\" href=\"https:\/\/doi.org\/10.11646\/phytotaxa.405.2.5\" target=\"_blank\" rel=\"noreferrer noopener\">.5<\/a><\/p>\n<\/div><\/div>\n\n<div class=\"mcw-fp-slide mcw-fp-slide_327f01-34\"><div class=\"mcw-fp-slide-inner\">\n<p class=\"custom-padding has-foreground-light-color has-text-color\">Bernal, R., Borchsenius, F., Hoyos-G\u00f3mez, S.E., Manrique, H.F. &amp; San\u00edn, M.J. (2019) <strong>A revision of the <em>Aiphanes parvifolia<\/em> complex (Arecaceae).<\/strong> <em>Phytotaxa<\/em>, 411, 275\u2013292. <a href=\"https:\/\/doi.org\/10.11646\/phytotaxa.411.4.3\" target=\"_blank\" rel=\"noreferrer noopener\">https:\/\/doi.org\/10.11646\/phytotaxa.411.4.3<\/a><\/p>\n\n\n\n<div style=\"height:16px\" aria-hidden=\"true\" class=\"wp-block-spacer\"><\/div>\n\n\n\n<p class=\"custom-padding has-foreground-light-color has-text-color\">Bernal, R., Casta\u00f1o, F. &amp; San\u00edn, M.J. (2019) <strong>A new, overlooked species of <em>Aiphanes<\/em> (Arecaceae) from Santander, Colombia.<\/strong> <em>Phytotaxa<\/em>, 405, 101. h<a class=\"ek-link\" href=\"https:\/\/doi.org\/10.11646\/phytotaxa.405.2.5\" target=\"_blank\" rel=\"noreferrer noopener\">ttps:\/\/doi.org\/10.11646\/phytotaxa.405.2.5<\/a><\/p>\n\n\n\n<div style=\"height:16px\" aria-hidden=\"true\" class=\"wp-block-spacer\"><\/div>\n\n\n\n<p class=\"custom-padding has-foreground-light-color has-text-color\">Loiseau, O., Olivares, I., Paris, M., de La Harpe, M., Weigand, A., Koub\u00ednov\u00e1, D., Rolland, J., Bacon, C.D., Balslev, H., Borchsenius, F., Cano, A., Couvreur, T.L.P., Delnatte, C., Fardin, F., Gayot, M., Mej\u00eda, F., Mota-Machado, T., Perret, M., Roncal, J., Sanin, M.J., Stauffer, F., Lexer, C., Kessler, M. &amp; Salamin, N. (2019) <strong>Targeted Capture of Hundreds of Nuclear Genes Unravels Phylogenetic Relationships of the Diverse Neotropical Palm Tribe Geonomateae.<\/strong> <em>Frontiers in Plant Science<\/em>, 10, 864. <a href=\"https:\/\/doi.org\/10.3389\/fpls.2019.00864\" target=\"_blank\" rel=\"noreferrer noopener\">https:\/\/doi.org\/10.3389\/fpls.2019.00864<\/a><\/p>\n\n\n\n<div style=\"height:16px\" aria-hidden=\"true\" class=\"wp-block-spacer\"><\/div>\n\n\n\n<p class=\"custom-padding has-foreground-light-color has-text-color\">Aristiz\u00e1bal, A., Tuberquia, D.J. &amp; San\u00edn, M.J. (2018) <strong>Conservation Genetics of Two Highly Endangered and Poorly Known Species of <em>Zamia<\/em> (Zamiaceae: Cycadales) in Colombia.<\/strong> <em>Journal of Heredity<\/em>, 109, 438\u2013445. <a href=\"https:\/\/doi.org\/10.1093\/jhered\/esx110\" target=\"_blank\" rel=\"noreferrer noopener\">https:\/\/doi.org\/10.1093\/jhered\/esx110<\/a><\/p>\n<\/div><\/div>\n\n<div class=\"mcw-fp-slide mcw-fp-slide_029492-ac\"><div class=\"mcw-fp-slide-inner\">\n<p class=\"custom-padding has-foreground-light-color has-text-color\">Tuberquia, D. &amp; Leal, E. da S. (2018) <strong>A new long-leaved species of <em>Asplundia<\/em> (Cyclanthaceae) from Colombia.<\/strong> <em>Brittonia<\/em>, 70, 399\u2013404. <a aria-label=\"https:\/\/doi.org\/10.1007\/s12228-018-9543-3 (opens in a new tab)\" class=\"ek-link\" href=\"https:\/\/doi.org\/10.1007\/s12228-018-9543-3\" target=\"_blank\" rel=\"noreferrer noopener\">https:\/\/doi.org\/10.1007\/s12228-018-9543-3<\/a><\/p>\n\n\n\n<div style=\"height:16px\" aria-hidden=\"true\" class=\"wp-block-spacer\"><\/div>\n\n\n\n<p class=\"custom-padding has-foreground-light-color has-text-color\">San\u00edn, M.J., Zapata, P., Pintaud, J.-C., Galeano, G., Boh\u00f3rquez, A., Tohme, J. &amp; Hansen, M.M. (2017) <strong>Up and Down the Blind Alley: Population Divergence with Scant Gene Flow in an Endangered Tropical Lineage of Andean Palms (<em>Ceroxylon quindiuense<\/em> Clade: Ceroxyloideae).<\/strong> <em>Journal of Heredity<\/em>, 108, 288\u2013298. <a aria-label=\"https:\/\/doi.org\/10.1093\/jhered\/esx006 (opens in a new tab)\" class=\"ek-link\" href=\"https:\/\/doi.org\/10.1093\/jhered\/esx006\" target=\"_blank\" rel=\"noreferrer noopener\">https:\/\/doi.org\/10.1093\/jhered\/esx006<\/a><\/p>\n<\/div><\/div><\/div><\/div>\n\n<div class=\"mcw-fp-section mcw-fp-section_905ded-0d fp-auto-height has-ek-typography\" data-anchor=\"section6\"><div class=\"mcw-fp-section-inner\">\n<div style=\"height:16px\" aria-hidden=\"true\" class=\"wp-block-spacer\"><\/div>\n\n\n\n<div class=\"wp-block-columns has-ek-typography is-layout-flex wp-container-core-columns-is-layout-9d6595d7 wp-block-columns-is-layout-flex\">\n<div class=\"wp-block-column is-vertically-aligned-center is-layout-flow wp-block-column-is-layout-flow\">\n<p class=\"has-text-align-center has-foreground-light-color has-text-color\" style=\"font-size:14px\"><strong>FOTOS DE ESTA SECCI\u00d3N:<\/strong><br>1. Ecosistemas c\u00e1rsticos, Maceo, Antioquia; Juliana Cardona Duque.<br>2. Tit\u00ed, Maceo, Antioquia; Juliana Cardona Duque.<\/p>\n<\/div>\n\n\n\n<div class=\"wp-block-column is-layout-flow wp-block-column-is-layout-flow\">\n<p class=\"has-text-align-center has-foreground-light-color has-text-color\" style=\"font-size:14px\">3. <em>Teratohyla pulverata<\/em>; Rana de cristal chocoana; Daniel Abreu-Acosta<br>4. Gorgojo; Camilo Fl\u00f3rez-V<br>5. <em>Zamia encephalartoides<\/em>, ca\u00f1\u00f3n del Chicamocha; Juliana Cardona Duque<\/p>\n<\/div>\n<\/div>\n\n\n\n<hr class=\"wp-block-separator has-text-color has-css-opacity has-background is-style-wide\" style=\"background-color:#1a2a4a;color:#1a2a4a\"\/>\n\n\n\n<div style=\"height:16px\" aria-hidden=\"true\" class=\"wp-block-spacer\"><\/div>\n<\/div><\/div>\n\n<div class=\"mcw-fp-section mcw-fp-section_d1654c-95 fp-auto-height\" data-anchor=\"section7\"><div class=\"mcw-fp-section-inner\">\n<div style=\"height:32px\" aria-hidden=\"true\" class=\"wp-block-spacer\"><\/div>\n\n\n\n<div class=\"wp-block-columns is-layout-flex wp-container-core-columns-is-layout-9d6595d7 wp-block-columns-is-layout-flex\">\n<div class=\"wp-block-column is-layout-flow wp-block-column-is-layout-flow\">\n<p class=\"has-text-align-center has-text-color has-small-font-size\" style=\"color:#1a2a4a\"><p class=\"has-text-align-center has-text-color has-small-font-size has-ek-typography\" style=\"color:#1a2a4a;--ek-font-family:'Lato', sans-serif\"><strong>Universidad CES<\/strong><br>Calle 10 A No. 22 &#8211; 04, Medell\u00edn, Colombia<br><a href=\"https:\/\/www.ces.edu.co\/terminos-y-condiciones\/\" class=\"ek-link\">Pol\u00edtica de Tratamiento de Datos Personales<\/a><\/p><\/p>\n<\/div>\n\n\n\n<div class=\"wp-block-column is-layout-flow wp-block-column-is-layout-flow\">\n<p class=\"has-text-align-center has-text-color has-small-font-size\" style=\"color:#1a2a4a\"><p class=\"has-text-align-center has-text-color has-small-font-size has-ek-typography\" style=\"color:#1a2a4a;--ek-font-family:'Lato', sans-serif\"><strong><strong>Contacto<\/strong><br><\/strong>Universidad CES,<br>Laboratorio de Colecciones Biol\u00f3gicas<br>E-mail: cbuces@ces.edu.co Tel: (604) 444 05 55 ext. 1243<\/p><\/p>\n<\/div>\n\n\n\n<div class=\"wp-block-column is-layout-flow wp-block-column-is-layout-flow\">\n<figure class=\"wp-block-image size-medium\"><img decoding=\"async\" width=\"300\" height=\"99\" src=\"https:\/\/sitios.ces.edu.co\/cbuces\/wp-content\/uploads\/2022\/11\/logoNuevoCES-300x99.png\" alt=\"\" class=\"wp-image-2473\" srcset=\"https:\/\/sitios.ces.edu.co\/cbuces\/wp-content\/uploads\/2022\/11\/logoNuevoCES-300x99.png 300w, https:\/\/sitios.ces.edu.co\/cbuces\/wp-content\/uploads\/2022\/11\/logoNuevoCES-1024x336.png 1024w, https:\/\/sitios.ces.edu.co\/cbuces\/wp-content\/uploads\/2022\/11\/logoNuevoCES-768x252.png 768w, https:\/\/sitios.ces.edu.co\/cbuces\/wp-content\/uploads\/2022\/11\/logoNuevoCES.png 1473w\" sizes=\"(max-width: 300px) 100vw, 300px\" \/><\/figure>\n<\/div>\n<\/div>\n\n\n\n<div style=\"height:64px\" aria-hidden=\"true\" class=\"wp-block-spacer\"><\/div>\n<\/div><\/div><\/div>\n","protected":false},"excerpt":{"rendered":"","protected":false},"author":2,"featured_media":0,"parent":0,"menu_order":0,"comment_status":"closed","ping_status":"closed","template":"","meta":{"_editorskit_title_hidden":false,"_editorskit_reading_time":3,"_editorskit_is_block_options_detached":false,"_editorskit_block_options_position":"{}","footnotes":""},"class_list":["post-364","page","type-page","status-publish","hentry","entry"],"_links":{"self":[{"href":"https:\/\/sitios.ces.edu.co\/cbuces\/wp-json\/wp\/v2\/pages\/364","targetHints":{"allow":["GET"]}}],"collection":[{"href":"https:\/\/sitios.ces.edu.co\/cbuces\/wp-json\/wp\/v2\/pages"}],"about":[{"href":"https:\/\/sitios.ces.edu.co\/cbuces\/wp-json\/wp\/v2\/types\/page"}],"author":[{"embeddable":true,"href":"https:\/\/sitios.ces.edu.co\/cbuces\/wp-json\/wp\/v2\/users\/2"}],"replies":[{"embeddable":true,"href":"https:\/\/sitios.ces.edu.co\/cbuces\/wp-json\/wp\/v2\/comments?post=364"}],"version-history":[{"count":174,"href":"https:\/\/sitios.ces.edu.co\/cbuces\/wp-json\/wp\/v2\/pages\/364\/revisions"}],"predecessor-version":[{"id":3517,"href":"https:\/\/sitios.ces.edu.co\/cbuces\/wp-json\/wp\/v2\/pages\/364\/revisions\/3517"}],"wp:attachment":[{"href":"https:\/\/sitios.ces.edu.co\/cbuces\/wp-json\/wp\/v2\/media?parent=364"}],"curies":[{"name":"wp","href":"https:\/\/api.w.org\/{rel}","templated":true}]}}