{"id":208,"date":"2022-04-25T15:57:45","date_gmt":"2022-04-25T20:57:45","guid":{"rendered":"https:\/\/sitios.ces.edu.co\/cbuces\/?page_id=208"},"modified":"2023-09-05T16:18:45","modified_gmt":"2023-09-05T21:18:45","slug":"recursos","status":"publish","type":"page","link":"https:\/\/sitios.ces.edu.co\/cbuces\/recursos\/","title":{"rendered":"Recursos"},"content":{"rendered":"<nav class=\"has-text-color has-foreground-color has-background has-background-background-color has-small-font-size is-responsive items-justified-space-between menu-fixed wp-block-navigation is-content-justification-space-between is-layout-flex wp-container-core-navigation-is-layout-3d213aab wp-block-navigation-is-layout-flex\" aria-label=\"topmenu\" \n\t\t data-wp-interactive=\"core\/navigation\" data-wp-context='{\"overlayOpenedBy\":{\"click\":false,\"hover\":false,\"focus\":false},\"type\":\"overlay\",\"roleAttribute\":\"\",\"ariaLabel\":\"Men\\u00fa\"}'><button aria-haspopup=\"dialog\" aria-label=\"Abrir el men\u00fa\" class=\"wp-block-navigation__responsive-container-open\" \n\t\t\t\tdata-wp-on--click=\"actions.openMenuOnClick\"\n\t\t\t\tdata-wp-on--keydown=\"actions.handleMenuKeydown\"\n\t\t\t><svg width=\"24\" height=\"24\" xmlns=\"http:\/\/www.w3.org\/2000\/svg\" viewBox=\"0 0 24 24\" aria-hidden=\"true\" focusable=\"false\"><path d=\"M4 7.5h16v1.5H4z\"><\/path><path d=\"M4 15h16v1.5H4z\"><\/path><\/svg><\/button>\n\t\t\t\t<div class=\"wp-block-navigation__responsive-container\"  id=\"modal-1\" \n\t\t\t\tdata-wp-class--has-modal-open=\"state.isMenuOpen\"\n\t\t\t\tdata-wp-class--is-menu-open=\"state.isMenuOpen\"\n\t\t\t\tdata-wp-watch=\"callbacks.initMenu\"\n\t\t\t\tdata-wp-on--keydown=\"actions.handleMenuKeydown\"\n\t\t\t\tdata-wp-on--focusout=\"actions.handleMenuFocusout\"\n\t\t\t\ttabindex=\"-1\"\n\t\t\t>\n\t\t\t\t\t<div class=\"wp-block-navigation__responsive-close\" tabindex=\"-1\">\n\t\t\t\t\t\t<div class=\"wp-block-navigation__responsive-dialog\" \n\t\t\t\tdata-wp-bind--aria-modal=\"state.ariaModal\"\n\t\t\t\tdata-wp-bind--aria-label=\"state.ariaLabel\"\n\t\t\t\tdata-wp-bind--role=\"state.roleAttribute\"\n\t\t\t>\n\t\t\t\t\t\t\t<button aria-label=\"Cerrar el men\u00fa\" class=\"wp-block-navigation__responsive-container-close\" \n\t\t\t\tdata-wp-on--click=\"actions.closeMenuOnClick\"\n\t\t\t><svg xmlns=\"http:\/\/www.w3.org\/2000\/svg\" viewBox=\"0 0 24 24\" width=\"24\" height=\"24\" aria-hidden=\"true\" focusable=\"false\"><path d=\"m13.06 12 6.47-6.47-1.06-1.06L12 10.94 5.53 4.47 4.47 5.53 10.94 12l-6.47 6.47 1.06 1.06L12 13.06l6.47 6.47 1.06-1.06L13.06 12Z\"><\/path><\/svg><\/button>\n\t\t\t\t\t\t\t<div class=\"wp-block-navigation__responsive-container-content\" \n\t\t\t\tdata-wp-watch=\"callbacks.focusFirstElement\"\n\t\t\t id=\"modal-1-content\">\n\t\t\t\t\t\t\t\t<ul class=\"wp-block-navigation__container has-text-color has-foreground-color has-background has-background-background-color has-small-font-size is-responsive items-justified-space-between menu-fixed wp-block-navigation has-small-font-size\"><li class=\"has-small-font-size wp-block-navigation-item homeicon wp-block-navigation-link\"><a class=\"wp-block-navigation-item__content\"  href=\"https:\/\/sitios.ces.edu.co\/cbuces\/\"><span class=\"wp-block-navigation-item__label\"><img fetchpriority=\"high\" decoding=\"async\" width=\"1290\" height=\"998\" class=\"wp-image-2892\" style=\"width: 100px\" src=\"https:\/\/sitios.ces.edu.co\/cbuces\/wp-content\/uploads\/2022\/11\/Nueva-imagen-CBUCES_final_Mesa-de-trabajo-11.png\" alt=\"\" srcset=\"https:\/\/sitios.ces.edu.co\/cbuces\/wp-content\/uploads\/2022\/11\/Nueva-imagen-CBUCES_final_Mesa-de-trabajo-11.png 1290w, https:\/\/sitios.ces.edu.co\/cbuces\/wp-content\/uploads\/2022\/11\/Nueva-imagen-CBUCES_final_Mesa-de-trabajo-11-300x232.png 300w, https:\/\/sitios.ces.edu.co\/cbuces\/wp-content\/uploads\/2022\/11\/Nueva-imagen-CBUCES_final_Mesa-de-trabajo-11-1024x792.png 1024w, https:\/\/sitios.ces.edu.co\/cbuces\/wp-content\/uploads\/2022\/11\/Nueva-imagen-CBUCES_final_Mesa-de-trabajo-11-768x594.png 768w\" sizes=\"(max-width: 1290px) 100vw, 1290px\" \/><\/span><\/a><\/li><li class=\"has-small-font-size wp-block-navigation-item wp-block-navigation-link\"><a class=\"wp-block-navigation-item__content\"  href=\"https:\/\/sitios.ces.edu.co\/cbuces\/colecciones\/\"><span class=\"wp-block-navigation-item__label\">Colecciones<\/span><\/a><\/li><li class=\"has-small-font-size wp-block-navigation-item wp-block-navigation-link\"><a class=\"wp-block-navigation-item__content\"  href=\"http:\/\/demo-cbucesdata.pythonanywhere.com\/\" target=\"_blank\"  ><span class=\"wp-block-navigation-item__label\">Centro de datos<\/span><\/a><\/li><li class=\"has-small-font-size wp-block-navigation-item wp-block-navigation-link\"><a class=\"wp-block-navigation-item__content\"  href=\"https:\/\/sitios.ces.edu.co\/cbuces\/servicios\/\"><span class=\"wp-block-navigation-item__label\">Servicios<\/span><\/a><\/li><li class=\"has-small-font-size wp-block-navigation-item wp-block-navigation-link\"><a class=\"wp-block-navigation-item__content\"  href=\"https:\/\/sitios.ces.edu.co\/cbuces\/tipos\/\"><span class=\"wp-block-navigation-item__label\">Tipos<\/span><\/a><\/li><li class=\"has-small-font-size wp-block-navigation-item wp-block-navigation-link\"><a class=\"wp-block-navigation-item__content\"  href=\"https:\/\/sitios.ces.edu.co\/cbuces\/proyectos\/\"><span class=\"wp-block-navigation-item__label\">Proyectos<\/span><\/a><\/li><li class=\"has-small-font-size wp-block-navigation-item wp-block-navigation-link\"><a class=\"wp-block-navigation-item__content\"  href=\"https:\/\/sitios.ces.edu.co\/cbuces\/citaciones\/\"><span class=\"wp-block-navigation-item__label\">Citaciones<\/span><\/a><\/li><li class=\"has-small-font-size wp-block-navigation-item wp-block-navigation-link\"><a class=\"wp-block-navigation-item__content\"  href=\"https:\/\/sitios.ces.edu.co\/cbuces\/recursos\/\"><span class=\"wp-block-navigation-item__label\">Recursos<\/span><\/a><\/li><li class=\"has-small-font-size wp-block-navigation-item wp-block-navigation-link\"><a class=\"wp-block-navigation-item__content\"  href=\"https:\/\/sitios.ces.edu.co\/cbuces\/solicitudes\/\"><span class=\"wp-block-navigation-item__label\">Solicitudes<\/span><\/a><\/li><li class=\"has-small-font-size wp-block-navigation-item wp-block-navigation-link\"><a class=\"wp-block-navigation-item__content\"  href=\"http:\/\/www.hojazul.com.co\" target=\"_blank\"  ><span class=\"wp-block-navigation-item__label\">Hojazul<\/span><\/a><\/li><\/ul>\n\t\t\t\t\t\t\t<\/div>\n\t\t\t\t\t\t<\/div>\n\t\t\t\t\t<\/div>\n\t\t\t\t<\/div><\/nav>\n\n\n<div class=\"mcw-fp-wrapper\"><div class=\"mcw-fp-section mcw-fp-section_d0c4e6-01 mcw-fp-section-slide fp-auto-height-responsive\" data-anchor=\"section1\"><div class=\"mcw-fp-section-inner\"><div class=\"mcw-fp-slide mcw-fp-slide_a9a7fd-3e\" data-bg-img-id=\"3038\"><div class=\"fp-bg\"><\/div><div class=\"mcw-fp-slide-inner\">\n<h2 class=\"has-text-align-center shadow-text custom-padding has-background-color has-text-color wp-block-heading\">Recursos para docentes<\/h2>\n\n\n\n<div style=\"height:32px\" aria-hidden=\"true\" class=\"wp-block-spacer\"><\/div>\n\n\n\n<p class=\"custom-padding shadow-text has-background-color has-text-color\" style=\"padding-top:0;padding-right:0;padding-bottom:0;padding-left:0;font-size:25px\">En esta secci\u00f3n puede acceder a algunas actividades que hemos creado para ni\u00f1os entre 3 y 11 a\u00f1os y seguiremos en construcci\u00f3n:<\/p>\n<\/div><\/div>\n\n<div class=\"mcw-fp-slide mcw-fp-slide_c19fe5-71\"><div class=\"mcw-fp-slide-inner\">\n<p class=\"custom-padding has-foreground-light-color has-text-color\" style=\"padding-top:0;padding-right:0;padding-bottom:0;padding-left:0\"><strong>Rompecabezas<\/strong>: <a href=\"https:\/\/h5p.org\/h5p\/embed\/973392\">https:\/\/h5p.org\/h5p\/embed\/973392<\/a> &#8211; recomendado para ni\u00f1os entre 3 y 8 a\u00f1os.<br><br><strong>Encuentra una de las manchas de escamas similares a ojos en las alas de la mariposa:<\/strong> <a href=\"https:\/\/h5p.org\/h5p\/embed\/973476\">https:\/\/h5p.org\/h5p\/embed\/973476<\/a><br><br><strong>Encuentra el escarabajo tigre:<\/strong> <a href=\"https:\/\/h5p.org\/h5p\/embed\/973489\" class=\"ek-link\">https:\/\/h5p.org\/h5p\/embed\/973489<\/a><br><br><strong>Encuentra el grillo:<\/strong><br><a href=\"https:\/\/h5p.org\/h5p\/embed\/973504\">https:\/\/h5p.org\/h5p\/embed\/973504<\/a><br><a href=\"https:\/\/h5p.org\/h5p\/embed\/973511\">https:\/\/h5p.org\/h5p\/embed\/973511<\/a><br><br><strong>Encuentra al \u00abmariapalitos\u00bb:<\/strong> <a href=\"https:\/\/h5p.org\/h5p\/embed\/973520\" class=\"ek-link\">https:\/\/h5p.org\/h5p\/embed\/973520<\/a><br><br><strong>Apareamiento:<\/strong> <a href=\"https:\/\/h5p.org\/h5p\/embed\/973616\">https:\/\/h5p.org\/h5p\/embed\/973616<\/a><\/p>\n<\/div><\/div><\/div><\/div>\n\n<div class=\"mcw-fp-section mcw-fp-section_a749b5-01 mcw-fp-section-slide fp-auto-height-responsive\" data-anchor=\"section2\"><div class=\"mcw-fp-section-inner\"><div class=\"mcw-fp-slide mcw-fp-slide_1ff54d-1e\" data-bg-img-id=\"3089\"><div class=\"fp-bg\"><\/div><div class=\"mcw-fp-slide-inner\">\n<h2 class=\"has-text-align-center has-text-color wp-block-heading\" style=\"color:#1a2a4a\">Recursos \u00fatiles para colecciones biol\u00f3gicas<\/h2>\n\n\n\n<div style=\"height:32px\" aria-hidden=\"true\" class=\"wp-block-spacer\"><\/div>\n\n\n\n<p class=\"has-text-align-center has-text-color has-ek-typography\" style=\"color:#1a2a4a;font-size:25px;--ek-font-family:'Lato', sans-serif\"><strong>En esta secci\u00f3n puede acceder a algunos videos que ilustran m\u00e9todos de montaje o preparaciones.<\/strong><\/p>\n<\/div><\/div>\n\n<div class=\"mcw-fp-slide mcw-fp-slide_04f1ad-0a\" data-bg-img-id=\"3067\"><div class=\"fp-bg\"><\/div><div class=\"mcw-fp-slide-inner\">\n<p class=\"has-text-align-center has-huge-font-size has-ek-typography\" style=\"--ek-font-family:'Lato', sans-serif\"><strong><a href=\"https:\/\/www.instagram.com\/tv\/CC7cylSDzqN\/?utm_source=ig_web_copy_link\" class=\"ek-link\">Montaje de mariposas y polillas<\/a><\/strong><\/p>\n<\/div><\/div><\/div><\/div>\n\n<div class=\"mcw-fp-section mcw-fp-section_62db9f-55 mcw-fp-section-slide fp-auto-height-responsive\" data-anchor=\"section3\"><div class=\"mcw-fp-section-inner\"><div class=\"mcw-fp-slide mcw-fp-slide_7fdc79-3d\" data-bg-img-id=\"3147\"><div class=\"fp-bg\"><\/div><div class=\"mcw-fp-slide-inner\">\n<div class=\"wp-block-columns is-layout-flex wp-container-core-columns-is-layout-9d6595d7 wp-block-columns-is-layout-flex\">\n<div class=\"wp-block-column is-layout-flow wp-block-column-is-layout-flow\" style=\"padding-top:var(--wp--preset--spacing--80);padding-right:var(--wp--preset--spacing--80);padding-bottom:var(--wp--preset--spacing--80);padding-left:var(--wp--preset--spacing--80)\">\n<h2 class=\"has-text-align-center wp-block-heading\">Recursos de datos abiertos<\/h2>\n\n\n\n<div style=\"height:32px\" aria-hidden=\"true\" class=\"wp-block-spacer\"><\/div>\n\n\n\n<p class=\"has-text-align-center\" style=\"font-size:25px\"><strong>En esta secci\u00f3n puede encontrar los v\u00ednculos a los conjuntos de datos de proyectos y otros trabajos publicados a trav\u00e9s del Sistema de informaci\u00f3n en Biodiversidad Colombia (<a href=\"https:\/\/biodiversidad.co\/\">SiB Colombia<\/a>), como nodo del&nbsp;Global Biodiversity Information Facility (<a href=\"https:\/\/www.gbif.org\/\">GBIF<\/a>). A trav\u00e9s de los v\u00ednculos, encontrar\u00e1 los metadatos asociados a cada conjunto de datos.<\/strong><\/p>\n<\/div>\n<\/div>\n<\/div><\/div>\n\n<div class=\"mcw-fp-slide mcw-fp-slide_91910c-51\"><div class=\"mcw-fp-slide-inner\">\n<div style=\"height:100px\" aria-hidden=\"true\" class=\"wp-block-spacer\"><\/div>\n\n\n\n<h2 class=\"has-text-align-center has-text-color wp-block-heading\" style=\"color:#1a2a4a\">Artr\u00f3podos terrestres<\/h2>\n\n\n\n<div class=\"wp-block-columns is-layout-flex wp-container-core-columns-is-layout-9d6595d7 wp-block-columns-is-layout-flex\">\n<div class=\"wp-block-column is-layout-flow wp-block-column-is-layout-flow\" style=\"padding-top:var(--wp--preset--spacing--80);padding-right:var(--wp--preset--spacing--80);padding-bottom:var(--wp--preset--spacing--80);padding-left:var(--wp--preset--spacing--80)\">\n<h4 class=\"has-text-align-center has-text-color wp-block-heading\" style=\"color:#1a2a4a\">C<strong>olecci\u00f3n de artr\u00f3podos de las Colecciones Biol\u00f3gicas de la Universidad CES (CBUCES)<\/strong><\/h4>\n\n\n\n<p class=\"has-text-align-left has-text-color has-normal-font-size has-ek-typography\" style=\"color:#1a2a4a;--ek-font-family:'Lato', sans-serif\">Camilo Fl\u00f3rez Valencia |&nbsp;Juliana Cardona Duque | Vanessa Correa Agudelo | Ana Ospina Montoya<\/p>\n\n\n\n<p class=\"has-text-align-left has-text-color has-normal-font-size has-ek-typography\" style=\"color:#1a2a4a;--ek-font-family:'Lato', sans-serif\">Fl\u00f3rez-V C, Cardona-Duque J, Correa V, Ospina A (2022). Colecci\u00f3n de artr\u00f3podos de las Colecciones Biol\u00f3gicas de la Universidad CES (CBUCES). Version 1.4. Universidad CES. Occurrence dataset <a rel=\"noreferrer noopener\" href=\"https:\/\/doi.org\/10.15472\/h45qke\" target=\"_blank\">https:\/\/doi.org\/10.15472\/h45qke<\/a> accessed via GBIF.org on 2022-05-04.<br><br>Visualizar en:<br><a href=\"https:\/\/ipt.biodiversidad.co\/sib\/resource?r=cbuces\" target=\"_blank\" rel=\"noreferrer noopener\" class=\"ek-link\">SiB<\/a> <a href=\"https:\/\/ipt.biodiversidad.co\/sib\/resource?r=cbuces\" target=\"_blank\" rel=\"noreferrer noopener\" class=\"ek-link\">Colombia<\/a>&nbsp;<br><a href=\"https:\/\/www.gbif.org\/dataset\/9e9d3ecc-0062-4b97-80c7-82b51ad61158\" target=\"_blank\" rel=\"noreferrer noopener\" class=\"ek-link\">GBIF<\/a><\/p>\n\n\n\n<div style=\"height:4px\" aria-hidden=\"true\" class=\"wp-block-spacer\"><\/div>\n\n\n\n<h4 class=\"has-text-align-center wp-block-heading\"><strong>Biodiversidad en ecosistemas estrat\u00e9gicos M\u00e1s Bosques &#8211; Hormigas<\/strong><\/h4>\n\n\n\n<p>Juliana Cardona Duque | Mar\u00eda Carolina V\u00e9lez Naranjo | Carolina&nbsp;Rivera \u00c1lvarez | Elizabeth Arroyave Jaramillo | Camilo Fl\u00f3rez Valencia | Mileidy Cristina Id\u00e1rraga Giraldo | Ana Ospina Montoya&nbsp;| Juan David S\u00e1nchez Rodr\u00edguez<\/p>\n\n\n\n<p>Cardona Duque J, V\u00e9lez Naranjo M C, Rivera \u00c1lvarez C, Arroyave Jaramillo E, Fl\u00f3rez V. C, Id\u00e1rraga P. M C, Ospina Montoya A, S\u00e1nchez Rodr\u00edguez J D (2021). Biodiversidad en ecosistemas estrat\u00e9gicos M\u00e1s Bosques &#8211; Hormigas. Version 1.1. Universidad CES. Occurrence dataset <a href=\"https:\/\/doi.org\/10.15472\/qdcg2w\" target=\"_blank\" rel=\"noreferrer noopener\" class=\"ek-link\">https:\/\/doi.org\/10.15472\/qdcg2w<\/a> accessed via GBIF.org on 2022-05-04.<br><br>Visualizar en:<br><a rel=\"noreferrer noopener\" href=\"https:\/\/ipt.biodiversidad.co\/sib\/resource?r=mas_bosques_hormigas\" target=\"_blank\">SiB Colombia<\/a>\u00a0<br><a href=\"https:\/\/www.gbif.org\/dataset\/5d5f990b-18da-452b-9481-cee96709285a#description\" target=\"_blank\" rel=\"noreferrer noopener\" class=\"ek-link\">GBIF<\/a><\/p>\n\n\n\n<div style=\"height:4px\" aria-hidden=\"true\" class=\"wp-block-spacer\"><\/div>\n\n\n\n<h4 class=\"has-text-align-center wp-block-heading\"><strong>Biodiversidad en Ecosistemas Estrat\u00e9gicos M\u00e1s Bosques &#8211; Mariposas<\/strong><\/h4>\n\n\n\n<p>Juliana Cardona Duque | Mar\u00eda Carolina V\u00e9lez Naranjo<\/p>\n\n\n\n<p>Cardona Duque J, V\u00e9lez Naranjo M C (2021). Biodiversidad en Ecosistemas Estrat\u00e9gicos M\u00e1s Bosques &#8211; Mariposas. Universidad CES. Occurrence dataset <a rel=\"noreferrer noopener\" href=\"https:\/\/doi.org\/10.15472\/vaq4mv\" target=\"_blank\">https:\/\/doi.org\/10.15472\/vaq4mv<\/a> accessed via GBIF.org on 2022-05-04.<br><br>Visualizar en:<br><a rel=\"noreferrer noopener\" href=\"https:\/\/ipt.biodiversidad.co\/sib\/resource?r=mas_bosques_mariposas\" target=\"_blank\">SiB Colombia<\/a>&nbsp;<br><a rel=\"noreferrer noopener\" href=\"https:\/\/www.gbif.org\/dataset\/70b916f3-bf6d-4270-9d69-56ff7381161f\" target=\"_blank\" class=\"ek-link\">GBIF<\/a><\/p>\n\n\n\n<div style=\"height:4px\" aria-hidden=\"true\" class=\"wp-block-spacer\"><\/div>\n\n\n\n<h4 class=\"has-text-align-center wp-block-heading\"><strong>Insectos asociados a la Expedici\u00f3n BIO Anor\u00ed<\/strong><\/h4>\n\n\n\n<p>Camilo Fl\u00f3rez Valencia | Mar\u00eda Carolina V\u00e9lez Naranjo | Juliana Cardona Duque<\/p>\n\n\n\n<p>Fl\u00f3rez-Valencia C, V\u00e9lez-Naranjo M C, Cardona-Duque J (2021). Insectos asociados a la Expedici\u00f3n BIO Anor\u00ed. Version 1.1. Universidad CES. Occurrence dataset <a rel=\"noreferrer noopener\" href=\"https:\/\/doi.org\/10.15472\/khuuxu\" target=\"_blank\">https:\/\/doi.org\/10.15472\/khuuxu<\/a> accessed via GBIF.org on 2022-05-04.<br><br>Visualizar en:<br><a rel=\"noreferrer noopener\" href=\"https:\/\/ipt.biodiversidad.co\/sib\/resource?r=uces_expedicionbio-anori_insectos\" target=\"_blank\" class=\"ek-link\">SiB Colombia<\/a>\u00a0<br><a href=\"https:\/\/www.gbif.org\/dataset\/1501f034-2ca9-448a-8af1-ecaa2bd9c5af\" target=\"_blank\" rel=\"noreferrer noopener\" class=\"ek-link\">GBIF<\/a><\/p>\n\n\n\n<div style=\"height:4px\" aria-hidden=\"true\" class=\"wp-block-spacer\"><\/div>\n\n\n\n<h4 class=\"has-text-align-center wp-block-heading\"><strong>Visitantes florales de <em>Andesanthus lepidotus<\/em> (Bonpl.) P.J.F. Guim. &amp; Michelang, en la reserva San Pedro (Antioquia, Colombia)<\/strong><\/h4>\n\n\n\n<p>Mar\u00eda Alexandra Guerra Fonnegra | Juan Felipe Valencia Correa | Estela Mar\u00eda Quintero Vallejo | Juliana Cardona Duque<\/p>\n\n\n\n<p>Guerra Fonnegra M A, Valencia Correa J F, , Quintero Vallejo E M, Cardona Duque J (2021). Visitantes florales de <em>Andesanthus lepidotus<\/em> (Bonpl.) P.J.F. Guim. &amp; Michelang, en la reserva San Pedro (Antioquia, Colombia). Universidad CES. Occurrence dataset <a href=\"https:\/\/doi.org\/10.15472\/xkmtje\" target=\"_blank\" rel=\"noreferrer noopener\" class=\"ek-link\">https:\/\/doi.org\/10.15472\/xkmtje<\/a> accessed via GBIF.org on 2022-05-04.<a href=\"https:\/\/doi.org\/10.15472\/xkmtje\" target=\"_blank\" rel=\"noreferrer noopener\" class=\"ek-link\"><br><br><\/a>Visualizar en:<a href=\"https:\/\/doi.org\/10.15472\/xkmtje\" target=\"_blank\" rel=\"noreferrer noopener\" class=\"ek-link\"><br>SiB Colombia\u00a0<br>GBIF<\/a><\/p>\n\n\n\n<div style=\"height:4px\" aria-hidden=\"true\" class=\"wp-block-spacer\"><\/div>\n\n\n\n<h4 class=\"has-text-align-center wp-block-heading\">Himen\u00f3pteros (Hymenoptera) recolectados en el Caribe colombiano depositados en las CBUCES<\/h4>\n\n\n\n<p>Mileidy Cristina Id\u00e1rraga Giraldo | Juliana Cardona Duque | Camilo Fl\u00f3rez Valencia | Mar\u00eda Carolina V\u00e9lez Naranjo | Luis Esteban Alzate Basto | Lizette Irene Quan Young<\/p>\n\n\n\n<p>Id\u00e1rraga M, Cardona-Duque J, Fl\u00f3rez-V C, V\u00e9lez-Naranjo M C, Alzate-Basto L E, Quan-Young L I (2022). Himen\u00f3pteros (Hymenoptera) recolectados en el Caribe colombiano depositados en las CBUCES. Version 1.1. Universidad CES. Metadata dataset <a href=\"https:\/\/ipt.biodiversidad.co\/sib\/resource?r=hymenoptera_2022_uces\" target=\"_blank\" aria-label=\" (opens in a new tab)\" rel=\"noreferrer noopener\" class=\"ek-link\">https:\/\/doi.org\/10.15472\/lwdwes<\/a> accessed via GBIF.org on 2023-09-05.<a href=\"https:\/\/doi.org\/10.15472\/xkmtje\" target=\"_blank\" rel=\"noreferrer noopener\" class=\"ek-link\"><br><br><\/a>Visualizar en:<a aria-label=\" (opens in a new tab)\" href=\"https:\/\/www.gbif.org\/dataset\/78e8ea73-c7ba-4b2a-aa89-5db287f71e1d\" target=\"_blank\" rel=\"noreferrer noopener\" class=\"ek-link\"><br><\/a><a href=\"https:\/\/ipt.biodiversidad.co\/sib\/resource?r=hymenoptera_2022_uces\" class=\"ek-link\">SiB Colombia<\/a>\u00a0<br><a href=\"https:\/\/www.gbif.org\/dataset\/78e8ea73-c7ba-4b2a-aa89-5db287f71e1d\" class=\"ek-link\">GBIF<\/a><\/p>\n\n\n\n<div style=\"height:4px\" aria-hidden=\"true\" class=\"wp-block-spacer\"><\/div>\n\n\n\n<h4 class=\"has-text-align-center wp-block-heading\">Hem\u00edpteros (Hemiptera) recolectados en el Caribe colombiano depositados en las CBUCES<\/h4>\n\n\n\n<p>Camilo Fl\u00f3rez Valencia | Juliana Cardona Duque | Mileidy Cristina Id\u00e1rraga Giraldo | Luis Esteban Alzate Basto | Lizette Irene Quan Young<\/p>\n\n\n\n<p>Fl\u00f3rez-V C, Cardona-Duque J, Id\u00e1rraga M, Alzate-Basto L E, Quan-Young L I (2022). Hem\u00edpteros (Hemiptera) recolectados en el Caribe colombiano depositados en las CBUCES. Version 1.1. Universidad CES. Metadata dataset <a href=\"https:\/\/ipt.biodiversidad.co\/sib\/resource?r=hemiptera_2022_uces\" target=\"_blank\" aria-label=\" (opens in a new tab)\" rel=\"noreferrer noopener\" class=\"ek-link\">https:\/\/doi.org\/10.15472\/8cb7ju<\/a> accessed via GBIF.org on 2023-09-05.<a href=\"https:\/\/doi.org\/10.15472\/xkmtje\" target=\"_blank\" rel=\"noreferrer noopener\" class=\"ek-link\"><br><br><\/a>Visualizar en:<a aria-label=\" (opens in a new tab)\" href=\"https:\/\/www.gbif.org\/dataset\/be3d94bd-5886-44dc-b68c-1aa056aaafb0\" target=\"_blank\" rel=\"noreferrer noopener\" class=\"ek-link\"><br><\/a><a href=\"https:\/\/ipt.biodiversidad.co\/sib\/resource?r=hemiptera_2022_uces\" class=\"ek-link\">SiB Colombia<\/a>\u00a0<br><a href=\"https:\/\/www.gbif.org\/dataset\/be3d94bd-5886-44dc-b68c-1aa056aaafb0\" class=\"ek-link\">GBIF<\/a><\/p>\n\n\n\n<div style=\"height:4px\" aria-hidden=\"true\" class=\"wp-block-spacer\"><\/div>\n\n\n\n<h4 class=\"has-text-align-center wp-block-heading\">Cole\u00f3pteros (Coleoptera) recolectados en el Caribe colombiano depositados en las CBUCES<\/h4>\n\n\n\n<p>Juliana Cardona Duque | Camilo Fl\u00f3rez Valencia | Mileidy Cristina Id\u00e1rraga Giraldo | Luis Esteban Alzate Basto | Lizette Irene Quan Young<\/p>\n\n\n\n<p>Cardona-Duque J, Fl\u00f3rez-V C, Id\u00e1rraga M, Alzate-Bast L E, Quan-Young L I (2022). Cole\u00f3pteros (Coleoptera) recolectados en el Caribe colombiano depositados en las CBUCES. Version 1.1. Universidad CES. Metadata dataset <a href=\"https:\/\/ipt.biodiversidad.co\/sib\/resource?r=coleoptera_2022_uces\" target=\"_blank\" aria-label=\" (opens in a new tab)\" rel=\"noreferrer noopener\" class=\"ek-link\">https:\/\/doi.org\/10.15472\/y0z7hk<\/a> accessed via GBIF.org on 2023-09-05.<a href=\"https:\/\/doi.org\/10.15472\/xkmtje\" target=\"_blank\" rel=\"noreferrer noopener\" class=\"ek-link\"><br><br><\/a>Visualizar en:<a aria-label=\" (opens in a new tab)\" href=\"https:\/\/ipt.biodiversidad.co\/sib\/resource?r=hemiptera_2022_uces\" target=\"_blank\" rel=\"noreferrer noopener\" class=\"ek-link\"><br>SiB <\/a><a aria-label=\"Colombia (opens in a new tab)\" href=\"https:\/\/ipt.biodiversidad.co\/sib\/resource?r=coleoptera_2022_uces\" target=\"_blank\" rel=\"noreferrer noopener\" class=\"ek-link\">Colombia<\/a><a aria-label=\" (opens in a new tab)\" href=\"https:\/\/ipt.biodiversidad.co\/sib\/resource?r=hemiptera_2022_uces\" target=\"_blank\" rel=\"noreferrer noopener\" class=\"ek-link\">\u00a0<br><\/a><a aria-label=\"GBIF (opens in a new tab)\" href=\"https:\/\/www.gbif.org\/dataset\/cb7049eb-03e5-4cea-93a0-e29b981b0fe9\" target=\"_blank\" rel=\"noreferrer noopener\" class=\"ek-link\">GBIF<\/a><\/p>\n\n\n\n<div style=\"height:4px\" aria-hidden=\"true\" class=\"wp-block-spacer\"><\/div>\n\n\n\n<h4 class=\"has-text-align-center wp-block-heading\">Lib\u00e9lulas (Odonata) de la Reserva Natural Sanguar\u00e9 recolectadas en el marco de los cursos de Zoolog\u00eda y Ecolog\u00eda de Poblaciones de la Universidad CES<\/h4>\n\n\n\n<p>Juliana Cardona Duque | Camilo Fl\u00f3rez Valencia | Mileidy Cristina Id\u00e1rraga Giraldo | Cornelio Andr\u00e9s Bota Sierra | Luis Esteban Alzate Basto | Lizette Irene Quan Young<\/p>\n\n\n\n<p>Cardona-Duque J, Fl\u00f3rez-V C, Id\u00e1rraga M, Bota-Sierra C A, Alzate-Basto L E, Quan-Young L I (2022). Lib\u00e9lulas (Odonata) de la Reserva Natural Sanguar\u00e9 recolectadas en el marco de los cursos de Zoolog\u00eda y Ecolog\u00eda de Poblaciones de la Universidad CES.. Version 2.1. Universidad CES. Metadata dataset <a href=\"https:\/\/ipt.biodiversidad.co\/sib\/resource?r=odonata_sanguare2022_uces\" class=\"ek-link\">https:\/\/doi.org\/10.15472\/mf7al9<\/a> accessed via GBIF.org on 2023-09-05.<a href=\"https:\/\/doi.org\/10.15472\/xkmtje\" target=\"_blank\" rel=\"noreferrer noopener\" class=\"ek-link\"><br><br><\/a>Visualizar en:<a aria-label=\" (opens in a new tab)\" href=\"https:\/\/ipt.biodiversidad.co\/sib\/resource?r=hemiptera_2022_uces\" target=\"_blank\" rel=\"noreferrer noopener\" class=\"ek-link\"><br><\/a><a aria-label=\"SiB Colombia\u00a0 (opens in a new tab)\" href=\"https:\/\/ipt.biodiversidad.co\/sib\/resource?r=odonata_sanguare2022_uces\" target=\"_blank\" rel=\"noreferrer noopener\" class=\"ek-link\">SiB Colombia\u00a0<\/a><a aria-label=\" (opens in a new tab)\" href=\"https:\/\/ipt.biodiversidad.co\/sib\/resource?r=hemiptera_2022_uces\" target=\"_blank\" rel=\"noreferrer noopener\" class=\"ek-link\"><br><\/a><a aria-label=\" (opens in a new tab)\" href=\"https:\/\/www.gbif.org\/dataset\/100f8c3c-30c3-4715-9fa1-a87d8e3f6c23\" target=\"_blank\" rel=\"noreferrer noopener\" class=\"ek-link\">GBIF<\/a><\/p>\n\n\n\n<div style=\"height:4px\" aria-hidden=\"true\" class=\"wp-block-spacer\"><\/div>\n\n\n\n<h4 class=\"has-text-align-center wp-block-heading\">D\u00edpteros (Diptera) recolectados en el Caribe Colombiano depositados en las CBUCES<\/h4>\n\n\n\n<p>Mar\u00eda Carolina V\u00e9lez Naranjo | Juliana Cardona Duque | Camilo Fl\u00f3rez Valencia | Mileidy Cristina Id\u00e1rraga Giraldo | Luis Esteban Alzate Basto | Lizette Irene Quan Young<\/p>\n\n\n\n<p>V\u00e9lez-Naranjo M C, Cardona-Duque J, Fl\u00f3rez-V C, Id\u00e1rraga M, Alzate-Basto L E, Quan-Young L I (2022). D\u00edpteros (Diptera) recolectados en el Caribe Colombiano depositados en las CBUCES. Version 1.1. Universidad CES. Metadata dataset <a href=\"https:\/\/ipt.biodiversidad.co\/sib\/resource?r=diptera_caribe2022_uces\" target=\"_blank\" aria-label=\"https:\/\/doi.org\/10.15472\/lsxn57 (opens in a new tab)\" rel=\"noreferrer noopener\" class=\"ek-link\">https:\/\/doi.org\/10.15472\/lsxn57<\/a> accessed via GBIF.org on 2023-09-05.<a href=\"https:\/\/doi.org\/10.15472\/xkmtje\" target=\"_blank\" rel=\"noreferrer noopener\" class=\"ek-link\"><br><br><\/a>Visualizar en:<a aria-label=\" (opens in a new tab)\" href=\"https:\/\/ipt.biodiversidad.co\/sib\/resource?r=hemiptera_2022_uces\" target=\"_blank\" rel=\"noreferrer noopener\" class=\"ek-link\"><br><\/a><a href=\"https:\/\/ipt.biodiversidad.co\/sib\/resource?r=diptera_caribe2022_uces\" target=\"_blank\" aria-label=\" (opens in a new tab)\" rel=\"noreferrer noopener\" class=\"ek-link\">SiB Colombia\u00a0<\/a><a aria-label=\" (opens in a new tab)\" href=\"https:\/\/ipt.biodiversidad.co\/sib\/resource?r=hemiptera_2022_uces\" target=\"_blank\" rel=\"noreferrer noopener\" class=\"ek-link\"><br><\/a><a href=\"https:\/\/www.gbif.org\/dataset\/f0567dd8-38c5-41cd-96d5-666263611710\" target=\"_blank\" aria-label=\" (opens in a new tab)\" rel=\"noreferrer noopener\" class=\"ek-link\">GBIF<\/a><\/p>\n\n\n\n<div style=\"height:4px\" aria-hidden=\"true\" class=\"wp-block-spacer\"><\/div>\n\n\n\n<h4 class=\"has-text-align-center wp-block-heading\">Mariposas (Lepidoptera) de la Reserva Natural Sanguar\u00e9 recolectadas en el marco del curso de Zoolog\u00eda de la Universidad CES<\/h4>\n\n\n\n<p>Mar\u00eda Carolina V\u00e9lez Naranjo | Juliana Cardona Duque | Camilo Fl\u00f3rez Valencia | Mileidy Cristina Id\u00e1rraga Giraldo | Luis Esteban Alzate Basto | Lizette Irene Quan Young<\/p>\n\n\n\n<p>V\u00e9lez-Naranjo M C, Cardona-Duque J, Fl\u00f3rez-V C, Id\u00e1rraga M, Alzate-Basto L E, Quan-Young L I (2022). Mariposas (Lepidoptera) de la Reserva Natural Sanguar\u00e9 recolectadas en el marco del curso de Zoolog\u00eda de la Universidad CES. Version 1.1. Universidad CES. Metadata dataset <a href=\"https:\/\/ipt.biodiversidad.co\/sib\/resource?r=lepidoptera_sanguare2022_uces\" target=\"_blank\" aria-label=\"https:\/\/doi.org\/10.15472\/rru6lw (opens in a new tab)\" rel=\"noreferrer noopener\" class=\"ek-link\">https:\/\/doi.org\/10.15472\/rru6lw<\/a> accessed via GBIF.org on 2023-09-05.<a href=\"https:\/\/doi.org\/10.15472\/xkmtje\" target=\"_blank\" rel=\"noreferrer noopener\" class=\"ek-link\"><br><br><\/a>Visualizar en:<a aria-label=\" (opens in a new tab)\" href=\"https:\/\/ipt.biodiversidad.co\/sib\/resource?r=hemiptera_2022_uces\" target=\"_blank\" rel=\"noreferrer noopener\" class=\"ek-link\"><br><\/a><a href=\"https:\/\/ipt.biodiversidad.co\/sib\/resource?r=lepidoptera_sanguare2022_uces\" target=\"_blank\" aria-label=\" (opens in a new tab)\" rel=\"noreferrer noopener\" class=\"ek-link\">SiB Colombia\u00a0<\/a><a aria-label=\" (opens in a new tab)\" href=\"https:\/\/ipt.biodiversidad.co\/sib\/resource?r=hemiptera_2022_uces\" target=\"_blank\" rel=\"noreferrer noopener\" class=\"ek-link\"><br><\/a><a href=\"https:\/\/www.gbif.org\/dataset\/4a841b3e-a42b-499c-bd0e-f360b4e69a82\" target=\"_blank\" aria-label=\" (opens in a new tab)\" rel=\"noreferrer noopener\" class=\"ek-link\">GBIF<\/a><\/p>\n\n\n\n<div style=\"height:4px\" aria-hidden=\"true\" class=\"wp-block-spacer\"><\/div>\n\n\n\n<h4 class=\"has-text-align-center wp-block-heading\">Visitantes florales de Zamia incognita A.Lisdtr &amp; Id\u00e1rraga, en una poblaci\u00f3n natural de Maceo, Antioquia<\/h4>\n\n\n\n<p>Juliana Cardona Duque | Dino Jes\u00fas Tuberquia Mu\u00f1oz | Pablo Andr\u00e9s Guzm\u00e1n Gonz\u00e1lez<\/p>\n\n\n\n<p>Cardona Duque J, Tuberquia Mu\u00f1oz D J, Guzm\u00e1n Gonz\u00e1lez P A (2022). Visitantes florales de Zamia incognita A.Lisdtr &amp; Id\u00e1rraga, en una poblaci\u00f3n natural de Maceo, Antioquia. Universidad CES. Occurrence dataset <a href=\"https:\/\/ipt.biodiversidad.co\/sib\/resource?r=uces_polinizacion-zamia_magdalena\" target=\"_blank\" aria-label=\"https:\/\/doi.org\/10.15472\/hu2spn (opens in a new tab)\" rel=\"noreferrer noopener\" class=\"ek-link\">https:\/\/doi.org\/10.15472\/hu2spn<\/a> accessed via GBIF.org on 2023-09-05.<a href=\"https:\/\/doi.org\/10.15472\/xkmtje\" target=\"_blank\" rel=\"noreferrer noopener\" class=\"ek-link\"><br><br><\/a>Visualizar en:<a aria-label=\" (opens in a new tab)\" href=\"https:\/\/ipt.biodiversidad.co\/sib\/resource?r=hemiptera_2022_uces\" target=\"_blank\" rel=\"noreferrer noopener\" class=\"ek-link\"><br><\/a><a href=\"https:\/\/ipt.biodiversidad.co\/sib\/resource?r=uces_polinizacion-zamia_magdalena\" target=\"_blank\" aria-label=\" (opens in a new tab)\" rel=\"noreferrer noopener\" class=\"ek-link\">SiB Colombia\u00a0<\/a><a aria-label=\" (opens in a new tab)\" href=\"https:\/\/ipt.biodiversidad.co\/sib\/resource?r=hemiptera_2022_uces\" target=\"_blank\" rel=\"noreferrer noopener\" class=\"ek-link\"><br><\/a><a href=\"https:\/\/www.gbif.org\/dataset\/283e15a5-1483-41be-830a-b107e64616e4\" target=\"_blank\" aria-label=\" (opens in a new tab)\" rel=\"noreferrer noopener\" class=\"ek-link\">GBIF<\/a><\/p>\n\n\n\n<div style=\"height:4px\" aria-hidden=\"true\" class=\"wp-block-spacer\"><\/div>\n\n\n\n<h4 class=\"has-text-align-center wp-block-heading\">Mariposas diurnas (Lepidoptera) en cuatro cerros tutelares de Medell\u00edn<\/h4>\n\n\n\n<p>Juliana Cardona Duque | Mar\u00eda Carolina V\u00e9lez Naranjo | Vanessa Correa Agudelo | Ana Montoya Ospina<\/p>\n\n\n\n<p>Cardona Duque J, V\u00e9lez Naranjo M C, Correa Agudelo V, Ospina Montoya A (2022). Mariposas diurnas (Lepidoptera) en cuatro cerros tutelares de Medell\u00edn. Version 1.1. Universidad CES. Metadata dataset <a href=\"https:\/\/ipt.biodiversidad.co\/sib\/resource?r=uces_mariposas-cerros-tutelares_medellin\" target=\"_blank\" aria-label=\"https:\/\/doi.org\/10.15472\/harbmi (opens in a new tab)\" rel=\"noreferrer noopener\" class=\"ek-link\">https:\/\/doi.org\/10.15472\/harbmi<\/a> accessed via GBIF.org on 2023-09-05.<a href=\"https:\/\/doi.org\/10.15472\/xkmtje\" target=\"_blank\" rel=\"noreferrer noopener\" class=\"ek-link\"><br><br><\/a>Visualizar en:<a aria-label=\" (opens in a new tab)\" href=\"https:\/\/ipt.biodiversidad.co\/sib\/resource?r=hemiptera_2022_uces\" target=\"_blank\" rel=\"noreferrer noopener\" class=\"ek-link\"><br><\/a><a href=\"https:\/\/ipt.biodiversidad.co\/sib\/resource?r=uces_mariposas-cerros-tutelares_medellin\" target=\"_blank\" aria-label=\" (opens in a new tab)\" rel=\"noreferrer noopener\" class=\"ek-link\">SiB Colombia\u00a0<\/a><a aria-label=\" (opens in a new tab)\" href=\"https:\/\/ipt.biodiversidad.co\/sib\/resource?r=hemiptera_2022_uces\" target=\"_blank\" rel=\"noreferrer noopener\" class=\"ek-link\"><br><\/a><a href=\"https:\/\/www.gbif.org\/dataset\/401f8489-969c-44ba-91ee-6e29a18e5b14\" target=\"_blank\" aria-label=\" (opens in a new tab)\" rel=\"noreferrer noopener\" class=\"ek-link\">GBIF<\/a><\/p>\n\n\n\n<div style=\"height:4px\" aria-hidden=\"true\" class=\"wp-block-spacer\"><\/div>\n\n\n\n<h4 class=\"has-text-align-center wp-block-heading\">Visitantes florales de Geonoma undata Klotzsch, 1847 en poblaciones naturales del sur del Valle de Aburr\u00e1<\/h4>\n\n\n\n<p>Juliana Cardona Duque | Elizabeth Arroyave Jaramillo<\/p>\n\n\n\n<p>Cardona Duque J, Arroyave Jaramillo E (2022). Visitantes florales de Geonoma undata Klotzsch, 1847 en poblaciones naturales del sur del Valle de Aburr\u00e1. Universidad CES. Occurrence dataset <a href=\"https:\/\/ipt.biodiversidad.co\/sib\/resource?r=uces_polinizacion-geonoma_aburra\" target=\"_blank\" aria-label=\"https:\/\/doi.org\/10.15472\/rljvfk (opens in a new tab)\" rel=\"noreferrer noopener\" class=\"ek-link\">https:\/\/doi.org\/10.15472\/rljvfk<\/a> accessed via GBIF.org on 2023-09-05.<a href=\"https:\/\/doi.org\/10.15472\/xkmtje\" target=\"_blank\" rel=\"noreferrer noopener\" class=\"ek-link\"><br><br><\/a>Visualizar en:<a aria-label=\" (opens in a new tab)\" href=\"https:\/\/ipt.biodiversidad.co\/sib\/resource?r=hemiptera_2022_uces\" target=\"_blank\" rel=\"noreferrer noopener\" class=\"ek-link\"><br><\/a><a href=\"https:\/\/ipt.biodiversidad.co\/sib\/resource?r=uces_polinizacion-geonoma_aburra\" target=\"_blank\" aria-label=\" (opens in a new tab)\" rel=\"noreferrer noopener\" class=\"ek-link\">SiB Colombia\u00a0<\/a><a aria-label=\" (opens in a new tab)\" href=\"https:\/\/ipt.biodiversidad.co\/sib\/resource?r=hemiptera_2022_uces\" target=\"_blank\" rel=\"noreferrer noopener\" class=\"ek-link\"><br><\/a><a href=\"https:\/\/www.gbif.org\/dataset\/f17cd28f-3d6b-40dc-aa43-08827d1ee04f\" target=\"_blank\" aria-label=\" (opens in a new tab)\" rel=\"noreferrer noopener\" class=\"ek-link\">GBIF<\/a><\/p>\n\n\n\n<div style=\"height:4px\" aria-hidden=\"true\" class=\"wp-block-spacer\"><\/div>\n\n\n\n<h4 class=\"has-text-align-center wp-block-heading\">Macroinvertebrados acu\u00e1ticos de la Reserva Forestal Protectora Regional Alto de San Miguel, Antioquia<\/h4>\n\n\n\n<p>Hilda Palacio Betancur | Maria Antonia Jaramillo Qui\u00f1ones | Juliana Cardona Duque<\/p>\n\n\n\n<p>Palacio Betancur H, Jaramillo Qui\u00f1ones M A, Cardona Duque J, Jaramillo Quinones M A (2022). Macroinvertebrados acu\u00e1ticos de la Reserva Forestal Protectora Regional Alto de San Miguel, Antioquia. Version 1.2. Universidad CES. Occurrence dataset <a href=\"https:\/\/ipt.biodiversidad.co\/sib\/resource?r=macroinvertebrados_sanmiguel\" target=\"_blank\" aria-label=\"https:\/\/doi.org\/10.15472\/1w0xo6 (opens in a new tab)\" rel=\"noreferrer noopener\" class=\"ek-link\">https:\/\/doi.org\/10.15472\/1w0xo6<\/a> accessed via GBIF.org on 2023-09-05.<a href=\"https:\/\/doi.org\/10.15472\/xkmtje\" target=\"_blank\" rel=\"noreferrer noopener\" class=\"ek-link\"><br><br><\/a>Visualizar en:<a aria-label=\" (opens in a new tab)\" href=\"https:\/\/ipt.biodiversidad.co\/sib\/resource?r=hemiptera_2022_uces\" target=\"_blank\" rel=\"noreferrer noopener\" class=\"ek-link\"><br><\/a><a href=\"https:\/\/ipt.biodiversidad.co\/sib\/resource?r=macroinvertebrados_sanmiguel\" target=\"_blank\" aria-label=\" (opens in a new tab)\" rel=\"noreferrer noopener\" class=\"ek-link\">SiB Colombia\u00a0<\/a><a aria-label=\" (opens in a new tab)\" href=\"https:\/\/ipt.biodiversidad.co\/sib\/resource?r=hemiptera_2022_uces\" target=\"_blank\" rel=\"noreferrer noopener\" class=\"ek-link\"><br><\/a><a href=\"https:\/\/www.gbif.org\/dataset\/c1f5c25e-466f-4346-8941-1b59b013b63c\" target=\"_blank\" aria-label=\" (opens in a new tab)\" rel=\"noreferrer noopener\" class=\"ek-link\">GBIF<\/a><\/p>\n<\/div>\n<\/div>\n<\/div><\/div>\n\n<div class=\"mcw-fp-slide mcw-fp-slide_718e97-39\"><div class=\"mcw-fp-slide-inner\">\n<div style=\"height:100px\" aria-hidden=\"true\" class=\"wp-block-spacer\"><\/div>\n\n\n\n<h2 class=\"has-text-align-center has-text-color wp-block-heading\" style=\"color:#1a2a4a\">Icnolog\u00eda<\/h2>\n\n\n\n<div class=\"wp-block-columns is-layout-flex wp-container-core-columns-is-layout-9d6595d7 wp-block-columns-is-layout-flex\">\n<div class=\"wp-block-column is-layout-flow wp-block-column-is-layout-flow\" style=\"padding-top:var(--wp--preset--spacing--80);padding-right:var(--wp--preset--spacing--80);padding-bottom:var(--wp--preset--spacing--80);padding-left:var(--wp--preset--spacing--80)\">\n<h4 class=\"has-text-align-center has-text-color wp-block-heading\" style=\"color:#1a2a4a\">Semillas asociadas a las excretas de aves visitantes a comederos artificiales en un ambiente urbano de Medell\u00edn<\/h4>\n\n\n\n<p class=\"has-text-align-left has-text-color has-normal-font-size has-ek-typography\" style=\"color:#1a2a4a;--ek-font-family:'Lato', sans-serif\">Estela Maria Quintero Vallejo | Elizabeth Valencia Cortez<\/p>\n\n\n\n<p class=\"has-text-align-left has-text-color has-normal-font-size has-ek-typography\" style=\"color:#1a2a4a;--ek-font-family:'Lato', sans-serif\">Quintero Vallejo E M, Valencia Cortez E (2023). Semillas asociadas a las excretas de aves visitantes a comederos artificiales en un ambiente urbano de Medell\u00edn. Universidad CES. Occurrence dataset <a href=\"https:\/\/ipt.biodiversidad.co\/sib\/resource?r=uces_semillas-excretas\" target=\"_blank\" aria-label=\"https:\/\/doi.org\/10.15472\/hyzgbx (opens in a new tab)\" rel=\"noreferrer noopener\" class=\"ek-link\">https:\/\/doi.org\/10.15472\/hyzgbx<\/a> accessed via GBIF.org on 2023-09-05.<br><br>Visualizar en:<br><a href=\"https:\/\/ipt.biodiversidad.co\/sib\/resource?r=uces_semillas-excretas\" target=\"_blank\" aria-label=\" (opens in a new tab)\" rel=\"noreferrer noopener\" class=\"ek-link\">SiB Colombia<\/a><br><a href=\"https:\/\/www.gbif.org\/dataset\/7c909f1f-4503-44d5-9658-e06dac241bce\" target=\"_blank\" aria-label=\" (opens in a new tab)\" rel=\"noreferrer noopener\" class=\"ek-link\">GBIF<\/a><\/p>\n<\/div>\n<\/div>\n<\/div><\/div>\n\n<div class=\"mcw-fp-slide mcw-fp-slide_ec96e8-be\"><div class=\"mcw-fp-slide-inner\">\n<div style=\"height:100px\" aria-hidden=\"true\" class=\"wp-block-spacer\"><\/div>\n\n\n\n<h2 class=\"has-text-align-center has-text-color wp-block-heading\" style=\"color:#1a2a4a\">Hongos<\/h2>\n\n\n\n<div class=\"wp-block-columns is-layout-flex wp-container-core-columns-is-layout-9d6595d7 wp-block-columns-is-layout-flex\">\n<div class=\"wp-block-column is-layout-flow wp-block-column-is-layout-flow\" style=\"padding-top:var(--wp--preset--spacing--80);padding-right:var(--wp--preset--spacing--80);padding-bottom:var(--wp--preset--spacing--80);padding-left:var(--wp--preset--spacing--80)\">\n<h4 class=\"has-text-align-center has-text-color wp-block-heading\" style=\"color:#1a2a4a\"><strong>Biodiversidad de ecosistemas estrat\u00e9gicos M\u00e1s Bosques &#8211; Hongos<\/strong><\/h4>\n\n\n\n<p class=\"has-text-align-left has-text-color has-normal-font-size has-ek-typography\" style=\"color:#1a2a4a;--ek-font-family:'Lato', sans-serif\">Paola Andrea Zapata Ocampo | Carlos Alberto L\u00f3pez Quintero | Dennis Cristina Benjumea Aristiz\u00e1bal | Maya Londo\u00f1o Luisa Mar\u00eda&nbsp;| Juan Camilo Garrido Possanauer<\/p>\n\n\n\n<p class=\"has-text-align-left has-text-color has-normal-font-size has-ek-typography\" style=\"color:#1a2a4a;--ek-font-family:'Lato', sans-serif\">Zapata Ocampo P A, L\u00f3pez Quintero C A, Benjumea Aristizabal D C, Maya Londo\u00f1o L M, Garrido Possanauer J C (2021). Biodiversidad de ecosistemas estrat\u00e9gicos M\u00e1s Bosques &#8211; Hongos. Version 1.2. Universidad CES. Occurrence dataset <a rel=\"noreferrer noopener\" href=\"https:\/\/doi.org\/10.15472\/hyrgzx\" target=\"_blank\">https:\/\/doi.org\/10.15472\/hyrgzx<\/a> accessed via GBIF.org on 2022-05-04.<br><br>Visualizar en:<br><a href=\"https:\/\/ipt.biodiversidad.co\/sib\/resource?r=mas_bosques_hongos\" target=\"_blank\" rel=\"noreferrer noopener\" class=\"ek-link\">SiB Colombia<\/a><br><a href=\"https:\/\/ipt.biodiversidad.co\/sib\/resource?r=mas_bosques_hongos\" target=\"_blank\" rel=\"noreferrer noopener\" class=\"ek-link\">GBIF<\/a><\/p>\n<\/div>\n<\/div>\n<\/div><\/div>\n\n<div class=\"mcw-fp-slide mcw-fp-slide_e715ae-9d\"><div class=\"mcw-fp-slide-inner\">\n<div style=\"height:100px\" aria-hidden=\"true\" class=\"wp-block-spacer\"><\/div>\n\n\n\n<h2 class=\"has-text-align-center has-text-color wp-block-heading\" style=\"color:#1a2a4a\">Organismos marino-costeros<\/h2>\n\n\n\n<div class=\"wp-block-columns is-layout-flex wp-container-core-columns-is-layout-9d6595d7 wp-block-columns-is-layout-flex\">\n<div class=\"wp-block-column is-layout-flow wp-block-column-is-layout-flow\" style=\"padding-top:var(--wp--preset--spacing--80);padding-right:var(--wp--preset--spacing--80);padding-bottom:var(--wp--preset--spacing--80);padding-left:var(--wp--preset--spacing--80)\">\n<h4 class=\"has-text-align-center has-text-color wp-block-heading\" style=\"color:#1a2a4a\"><strong>Invertebrados Bent\u00f3nicos de la II y III Expedici\u00f3n Colombia a la Ant\u00e1rtica (CCO)<\/strong><\/h4>\n\n\n\n<p class=\"has-text-align-left has-text-color has-normal-font-size has-ek-typography\" style=\"color:#1a2a4a;--ek-font-family:'Lato', sans-serif\">Lizette Irene Quan Young |&nbsp;Mariana Ossa Yepes | Mario Hern\u00e1n Londo\u00f1o Mesa<\/p>\n\n\n\n<p class=\"has-text-align-left has-text-color has-normal-font-size has-ek-typography\" style=\"color:#1a2a4a;--ek-font-family:'Lato', sans-serif\">Quan Young L I, Ossa Yepes M, Londo\u00f1o Mesa M H (2022). Invertebrados Bent\u00f3nicos de la II y III Expedici\u00f3n Colombia a la Ant\u00e1rtica (CCO). Version 1.1. Universidad CES. Sampling event dataset <a rel=\"noreferrer noopener\" href=\"https:\/\/doi.org\/10.15472\/jd4g0x\" target=\"_blank\">https:\/\/doi.org\/10.15472\/jd4g0x<\/a> accessed via GBIF.org on 2022-05-04.<br><br>Visualizar en:<br><a rel=\"noreferrer noopener\" href=\"https:\/\/ipt.biodiversidad.co\/sibm\/resource?r=expedicion-antartica_invertebrados\" target=\"_blank\">SiB Colombia<\/a><br><a href=\"https:\/\/www.gbif.org\/dataset\/3f89d0ad-b5c2-4ad5-a3e4-e2205daca0b8\" target=\"_blank\" rel=\"noreferrer noopener\" class=\"ek-link\">GBIF<\/a><\/p>\n\n\n\n<div style=\"height:4px\" aria-hidden=\"true\" class=\"wp-block-spacer\"><\/div>\n\n\n\n<h4 class=\"has-text-align-center wp-block-heading\"><strong>Seaflower ll: Cayo Serrana- Colecciones biol\u00f3gicas de la universidad CES &#8211; Proyecto Colombia BIO<\/strong><\/h4>\n\n\n\n<p>Lizette Irene Quan Young<\/p>\n\n\n\n<p>Quan Young L I (2021). Seaflower ll: Cayo Serrana- Colecciones biol\u00f3gicas de la universidad CES &#8211; Proyecto Colombia BIO. Version 2.3. Universidad CES. Occurrence dataset <a rel=\"noreferrer noopener\" href=\"https:\/\/doi.org\/10.15472\/ghhocc\" target=\"_blank\">https:\/\/doi.org\/10.15472\/ghhocc<\/a> accessed via GBIF.org on 2022-05-04.<br><br>Visualizar en:<br><a rel=\"noreferrer noopener\" href=\"https:\/\/ipt.biodiversidad.co\/sib\/resource?r=lizettequan\" target=\"_blank\">SiB Colombia<\/a><br><a href=\"https:\/\/www.gbif.org\/dataset\/25ead144-6df3-4803-b770-a77128746de6\" target=\"_blank\" rel=\"noreferrer noopener\" class=\"ek-link\">GBIF<\/a><\/p>\n<\/div>\n<\/div>\n<\/div><\/div>\n\n<div class=\"mcw-fp-slide mcw-fp-slide_9b4aec-56\"><div class=\"mcw-fp-slide-inner\">\n<div style=\"height:100px\" aria-hidden=\"true\" class=\"wp-block-spacer\"><\/div>\n\n\n\n<h2 class=\"has-text-align-center has-text-color wp-block-heading\" style=\"color:#1a2a4a\">OTROS CONJUNTOS DE DATOS MULTI-TAXA<\/h2>\n\n\n\n<div class=\"wp-block-columns is-layout-flex wp-container-core-columns-is-layout-9d6595d7 wp-block-columns-is-layout-flex\">\n<div class=\"wp-block-column is-layout-flow wp-block-column-is-layout-flow\" style=\"padding-top:var(--wp--preset--spacing--80);padding-right:var(--wp--preset--spacing--80);padding-bottom:var(--wp--preset--spacing--80);padding-left:var(--wp--preset--spacing--80)\">\n<h4 class=\"has-text-align-center has-text-color wp-block-heading\" style=\"color:#1a2a4a\">Biodiversidad de la Reserva Natural Sanguar\u00e9 y sus ecosistemas estrat\u00e9gicos<\/h4>\n\n\n\n<p class=\"has-text-align-left has-text-color has-normal-font-size has-ek-typography\" style=\"color:#1a2a4a;--ek-font-family:'Lato', sans-serif\">Juliana Cardona Duque | Lizette Irene Quan Young | Luis Esteban Alzate Basto | Juan David S\u00e1nchez Londo\u00f1o | Mariana Ossa Yepes | Cristina Aristiz\u00e1bal Osorio | Estefan\u00eda Mar\u00edn Pulgar\u00edn | Camilo Fl\u00f3rez-V<\/p>\n\n\n\n<p class=\"has-text-align-left has-text-color has-normal-font-size has-ek-typography\" style=\"color:#1a2a4a;--ek-font-family:'Lato', sans-serif\">Cardona Duque J, Quan Young L I, Alzate Basto L E, Sanch\u00e9z J D, Ossa Yepes M, Aristiz\u00e1bal Osorio C, Mar\u00edn Pulgarin E, Fl\u00f3rez V C (2022): Biodiversidad de la Reserva Natural Sanguar\u00e9 y sus ecosistemas estrat\u00e9gicos. v1.0. Universidad CES. Dataset\/Occurrence. <a href=\"https:\/\/doi.org\/10.15472\/4fpguy\" class=\"ek-link\">https:\/\/doi.org\/10.15472\/4fpguy<\/a> accessed via GBIF.org on 2022-12-14.<br><br>Visualizar en:<br><a href=\"https:\/\/ipt.biodiversidad.co\/sibm\/resource?r=sanguare_ecosistemas\" target=\"_blank\" aria-label=\"SiB Colombia (opens in a new tab)\" rel=\"noreferrer noopener\" class=\"ek-link\">SiB Colombia<\/a><br><a href=\"https:\/\/www.gbif.org\/dataset\/3b1a092e-63bf-4a86-bd9b-8a53e3954d02\" class=\"ek-link\">GBIF<\/a><\/p>\n<\/div>\n<\/div>\n<\/div><\/div><\/div><\/div>\n\n<div class=\"mcw-fp-section mcw-fp-section_8519c7-81 fp-auto-height\" data-anchor=\"section4\"><div class=\"mcw-fp-section-inner\">\n<div style=\"height:32px\" aria-hidden=\"true\" class=\"wp-block-spacer\"><\/div>\n\n\n\n<div class=\"wp-block-columns is-layout-flex wp-container-core-columns-is-layout-9d6595d7 wp-block-columns-is-layout-flex\">\n<div class=\"wp-block-column is-layout-flow wp-block-column-is-layout-flow\">\n<p class=\"has-text-align-center has-text-color has-small-font-size has-ek-typography\" style=\"color:#1a2a4a;--ek-font-family:'Lato', sans-serif\"><strong>Universidad CES<\/strong><br>Calle 10 A No. 22 &#8211; 04, Medell\u00edn, Colombia<br><a href=\"https:\/\/www.ces.edu.co\/terminos-y-condiciones\/\" class=\"ek-link\">Pol\u00edtica de Tratamiento de Datos Personales<\/a><\/p>\n<\/div>\n\n\n\n<div class=\"wp-block-column is-layout-flow wp-block-column-is-layout-flow\">\n<p class=\"has-text-align-center has-text-color has-small-font-size has-ek-typography\" style=\"color:#1a2a4a;--ek-font-family:'Lato', sans-serif\"><strong>Contacto<\/strong><br>Universidad CES,<strong><br><\/strong>Laboratorio de Colecciones Biol\u00f3gicas<br>E-mail: cbuces@ces.edu.co Tel: (604) 444 05 55 ext. 1243<\/p>\n<\/div>\n\n\n\n<div class=\"wp-block-column is-layout-flow wp-block-column-is-layout-flow\">\n<figure class=\"wp-block-image size-medium\"><img decoding=\"async\" width=\"300\" height=\"99\" src=\"https:\/\/sitios.ces.edu.co\/cbuces\/wp-content\/uploads\/2022\/11\/logoNuevoCES-300x99.png\" alt=\"\" class=\"wp-image-2473\" srcset=\"https:\/\/sitios.ces.edu.co\/cbuces\/wp-content\/uploads\/2022\/11\/logoNuevoCES-300x99.png 300w, https:\/\/sitios.ces.edu.co\/cbuces\/wp-content\/uploads\/2022\/11\/logoNuevoCES-1024x336.png 1024w, https:\/\/sitios.ces.edu.co\/cbuces\/wp-content\/uploads\/2022\/11\/logoNuevoCES-768x252.png 768w, https:\/\/sitios.ces.edu.co\/cbuces\/wp-content\/uploads\/2022\/11\/logoNuevoCES.png 1473w\" sizes=\"(max-width: 300px) 100vw, 300px\" \/><\/figure>\n<\/div>\n<\/div>\n\n\n\n<div style=\"height:96px\" aria-hidden=\"true\" class=\"wp-block-spacer\"><\/div>\n<\/div><\/div><\/div>\n","protected":false},"excerpt":{"rendered":"","protected":false},"author":5,"featured_media":0,"parent":0,"menu_order":0,"comment_status":"closed","ping_status":"closed","template":"","meta":{"_editorskit_title_hidden":false,"_editorskit_reading_time":6,"_editorskit_is_block_options_detached":false,"_editorskit_block_options_position":"{}","footnotes":""},"class_list":["post-208","page","type-page","status-publish","hentry","entry"],"_links":{"self":[{"href":"https:\/\/sitios.ces.edu.co\/cbuces\/wp-json\/wp\/v2\/pages\/208","targetHints":{"allow":["GET"]}}],"collection":[{"href":"https:\/\/sitios.ces.edu.co\/cbuces\/wp-json\/wp\/v2\/pages"}],"about":[{"href":"https:\/\/sitios.ces.edu.co\/cbuces\/wp-json\/wp\/v2\/types\/page"}],"author":[{"embeddable":true,"href":"https:\/\/sitios.ces.edu.co\/cbuces\/wp-json\/wp\/v2\/users\/5"}],"replies":[{"embeddable":true,"href":"https:\/\/sitios.ces.edu.co\/cbuces\/wp-json\/wp\/v2\/comments?post=208"}],"version-history":[{"count":219,"href":"https:\/\/sitios.ces.edu.co\/cbuces\/wp-json\/wp\/v2\/pages\/208\/revisions"}],"predecessor-version":[{"id":3654,"href":"https:\/\/sitios.ces.edu.co\/cbuces\/wp-json\/wp\/v2\/pages\/208\/revisions\/3654"}],"wp:attachment":[{"href":"https:\/\/sitios.ces.edu.co\/cbuces\/wp-json\/wp\/v2\/media?parent=208"}],"curies":[{"name":"wp","href":"https:\/\/api.w.org\/{rel}","templated":true}]}}